{"id":2701,"date":"2026-04-09T23:32:58","date_gmt":"2026-04-09T23:32:58","guid":{"rendered":"https:\/\/techmedia4you.se\/tmp\/?post_type=tribe_events&#038;p=2701"},"modified":"2026-04-29T13:13:43","modified_gmt":"2026-04-29T11:13:43","slug":"vogelbeobachtung_watvogelwanderung","status":"publish","type":"tribe_events","link":"https:\/\/stenasa.com\/de\/evenemang\/fagelguidning_vadarvandring\/","title":{"rendered":"Vogelbeobachtung \/ Wattwanderung"},"content":{"rendered":"<p>[et_pb_section fb_built=&#8221;1&#8243; _builder_version=&#8221;4.27.6&#8243; _module_preset=&#8221;default&#8221; width=&#8221;100%&#8221; max_width=&#8221;100%&#8221; custom_margin=&#8221;0px||||false|false&#8221; custom_padding=&#8221;0px||||false|false&#8221; global_colors_info=&#8221;{}&#8221; theme_builder_area=&#8221;post_content&#8221; custom_margin_tablet=&#8221;0px||||false|false&#8221; custom_margin_phone=&#8221;0px|0px||0px|false|true&#8221; custom_margin_last_edited=&#8221;on|desktop&#8221; custom_padding_tablet=&#8221;0px||||false|false&#8221; custom_padding_phone=&#8221;0px|0px||0px|false|true&#8221; custom_padding_last_edited=&#8221;on|desktop&#8221;][et_pb_row column_structure=&#8221;1_2,1_2&#8243; use_custom_gutter=&#8221;on&#8221; gutter_width=&#8221;2&#8243; make_equal=&#8221;on&#8221; _builder_version=&#8221;4.27.6&#8243; _module_preset=&#8221;default&#8221; width=&#8221;100%&#8221; max_width=&#8221;100%&#8221; border_radii=&#8221;on|0px|0px|0px|0px&#8221; global_colors_info=&#8221;{}&#8221; theme_builder_area=&#8221;post_content&#8221; background_enable_color=&#8221;off&#8221;][et_pb_column type=&#8221;1_2&#8243; _builder_version=&#8221;4.27.6&#8243; _module_preset=&#8221;default&#8221; global_colors_info=&#8221;{}&#8221; theme_builder_area=&#8221;post_content&#8221;][et_pb_code _builder_version=&#8221;4.27.6&#8243; _module_preset=&#8221;default&#8221; custom_padding=&#8221;|||18px|false|false&#8221; custom_padding_tablet=&#8221;|||18px|false|false&#8221; custom_padding_phone=&#8221;||20px|18px|false|false&#8221; custom_padding_last_edited=&#8221;on|phone&#8221; hover_enabled=&#8221;0&#8243; locked=&#8221;off&#8221; global_colors_info=&#8221;{}&#8221; theme_builder_area=&#8221;post_content&#8221; sticky_enabled=&#8221;0&#8243;]<span><span><a href=\"https:\/\/stenasa.com\/\">Hem<\/a><\/span><\/span>[\/et_pb_code][et_pb_blurb title=&#8221;F\u00e5gelguidning \/ Vadarvandring&#8221; alt=&#8221;Slagerstads sj\u00f6mark&#8221; icon_placement=&#8221;left&#8221; content_max_width=&#8221;100%&#8221; _builder_version=&#8221;4.27.6&#8243; _module_preset=&#8221;default&#8221; header_font=&#8221;|600|||||||&#8221; header_font_size=&#8221;2rem&#8221; header_line_height=&#8221;1.4em&#8221; custom_margin=&#8221;46px||||false|false&#8221; custom_margin_tablet=&#8221;0px||||false|false&#8221; custom_margin_phone=&#8221;0px||||false|false&#8221; custom_margin_last_edited=&#8221;on|phone&#8221; custom_padding=&#8221;||||false|false&#8221; header_font_size_tablet=&#8221;1.5rem&#8221; header_font_size_phone=&#8221;1.5rem&#8221; header_font_size_last_edited=&#8221;on|phone&#8221; global_colors_info=&#8221;{}&#8221; theme_builder_area=&#8221;post_content&#8221;]<\/p>\n<p>V\u00e4lkommen p\u00e5 en h\u00e4rlig kv\u00e4llsvandring l\u00e4ngs kusten! Vi m\u00f6ter de vadare som \u00e4r p\u00e5 v\u00e4g mot sina h\u00e4ckningsomr\u00e5den i norr. Vi r\u00f6r oss i det klassiska vadart\u00e4ta omr\u00e5det mellan Sten\u00e5sa \u00f6r och Stora \u00f6ren.<\/p>\n<ul>\n<li><strong>N\u00e4r:<\/strong> L\u00f6rdagen den 16 maj<\/li>\n<li><strong>Samling:<\/strong> Kl. 17.00 vid receptionen p\u00e5 Sten\u00e5sa Stugor &#038; Camping<\/li>\n<li><strong>Guide:<\/strong> \u00d6OF (\u00d6lands Ornitologiska F\u00f6rening)<\/li>\n<li><strong>Kostnad:<\/strong> 50 SEK per person (G\u00e5r direkt till \u00d6OF\u2019s f\u00e5gelskyddsarbete)<\/li>\n<\/ul>\n<p>Hj\u00e4rtligt v\u00e4lkomna till en sp\u00e4nnande naturupplevelse!<\/p>\n<p>[\/et_pb_blurb][et_pb_button button_url=&#8221;@ET-DC@eyJkeW5hbWljIjp0cnVlLCJjb250ZW50IjoicG9zdF9saW5rX3VybF9wYWdlIiwic2V0dGluZ3MiOnsicG9zdF9pZCI6IjIxMzgifX0=@&#8221; button_text=&#8221;Kontakt&#8221; _builder_version=&#8221;4.27.6&#8243; _dynamic_attributes=&#8221;button_url&#8221; _module_preset=&#8221;default&#8221; custom_button=&#8221;on&#8221; button_text_color=&#8221;#FFFFFF&#8221; button_bg_color=&#8221;#EF6426&#8243; button_border_width=&#8221;0px&#8221; button_border_radius=&#8221;8px&#8221; custom_margin=&#8221;|||15px|false|false&#8221; custom_margin_tablet=&#8221;|||15px|false|false&#8221; custom_margin_phone=&#8221;|||0px|false|false&#8221; custom_margin_last_edited=&#8221;on|phone&#8221; custom_padding=&#8221;||||false|false&#8221; locked=&#8221;off&#8221; global_colors_info=&#8221;{}&#8221; button_bg_color__hover_enabled=&#8221;on|hover&#8221; button_bg_color__hover=&#8221;#0A0A0A&#8221; button_bg_enable_color__hover=&#8221;on&#8221; theme_builder_area=&#8221;post_content&#8221; url_new_window=&#8221;on&#8221; button_text_size=&#8221;16px&#8221; button_border_color=&#8221;RGBA(255,255,255,0)&#8221; button_font=&#8221;|300|||||||&#8221; button_use_icon=&#8221;off&#8221; position_origin_f=&#8221;center_center&#8221;][\/et_pb_button][\/et_pb_column][et_pb_column type=&#8221;1_2&#8243; _builder_version=&#8221;4.27.6&#8243; _module_preset=&#8221;default&#8221; global_colors_info=&#8221;{}&#8221; theme_builder_area=&#8221;post_content&#8221;][et_pb_image src=&#8221;https:\/\/stenasa.com\/wp-content\/uploads\/2026\/04\/Tuvsnappa.jpg&#8221; alt=&#8221;Tuvsn\u00e4ppa&#8221; title_text=&#8221;Tuvsn\u00e4ppa&#8221; _builder_version=&#8221;4.27.6&#8243; _module_preset=&#8221;default&#8221; hover_enabled=&#8221;0&#8243; border_radii=&#8221;on|8px|8px|8px|8px&#8221; global_colors_info=&#8221;{}&#8221; theme_builder_area=&#8221;post_content&#8221; animation_style=&#8221;fade&#8221; sticky_enabled=&#8221;0&#8243;][\/et_pb_image][\/et_pb_column][\/et_pb_row][\/et_pb_section]<\/p>\n","protected":false},"excerpt":{"rendered":"<p><span><span><a href=\"https:\/\/stenasa.com\/\">Hem<\/a><\/span><\/span>V\u00e4lkommen p\u00e5 en h\u00e4rlig kv\u00e4llsvandring l\u00e4ngs kusten! Vi m\u00f6ter de vadare som \u00e4r p\u00e5 v\u00e4g mot sina h\u00e4ckningsomr\u00e5den i norr. Vi r\u00f6r oss i det klassiska vadart\u00e4ta omr\u00e5det mellan Sten\u00e5sa [&hellip;]<\/p>\n","protected":false},"author":1,"featured_media":3152,"template":"","meta":{"_et_pb_use_builder":"on","_et_pb_old_content":"<h1><img class=\"alignnone size-full wp-image-1712\" src=\"https:\/\/stenasa.com\/wp-content\/uploads\/2026\/04\/Utforska_sandbyborg.jpg\" alt=\"\" width=\"600\" height=\"450\" \/><\/h1><h1>M\u00f6t den botaniska v\u00e5ren p\u00e5 Slagerstads sj\u00f6mark<\/h1><p>I samband med \"\u00d6land Spirar\" utforskar vi de botaniska skatterna runt campingen. Vi hoppas f\u00e5 se favoriten krutbr\u00e4nnare och mycket annat som st\u00e5r i blom. Medtag g\u00e4rna egen lupp och flora!<\/p><ul><li><strong>N\u00e4r:<\/strong> L\u00f6rdagen den 9 maj<\/li><li><strong>Tid:<\/strong> Kl. 10.00 \u2013 ca 12.00<\/li><li><strong>Samling:<\/strong> Vid receptionen p\u00e5 Sten\u00e5sa Stugor & Camping<\/li><li><strong>Ledare:<\/strong> Ulla-Britt Andersson (\u00d6lands Botaniska F\u00f6rening)<\/li><li><strong>Kostnad:<\/strong> Kostnadsfritt (Gratis)<\/li><\/ul><p>V\u00e4lkomna att uppt\u00e4cka v\u00e5ren med oss!<\/p>","_et_gb_content_width":"","_tribe_events_status":"","_tribe_events_status_reason":"","footnotes":""},"tags":[],"tribe_events_cat":[47],"class_list":["post-2701","tribe_events","type-tribe_events","status-publish","has-post-thumbnail","hentry","tribe_events_cat-evenemang-2026","cat_evenemang-2026"],"yoast_head":"<!-- This site is optimized with the Yoast SEO plugin v27.5 - https:\/\/yoast.com\/product\/yoast-seo-wordpress\/ -->\n<title>F\u00e5gelguidning \/ Vadarvandring - Camping, Stugor &amp; St\u00e4llplatser p\u00e5 \u00d6land - Sten\u00e5sa<\/title>\n<meta name=\"robots\" content=\"index, follow, max-snippet:-1, max-image-preview:large, max-video-preview:-1\" \/>\n<link rel=\"canonical\" href=\"https:\/\/stenasa.com\/de\/veranstaltung\/vogelbeobachtung_watvogelwanderung\/\" \/>\n<meta property=\"og:locale\" content=\"de_DE\" \/>\n<meta property=\"og:type\" content=\"article\" \/>\n<meta property=\"og:title\" content=\"F\u00e5gelguidning \/ Vadarvandring - Camping, Stugor &amp; St\u00e4llplatser p\u00e5 \u00d6land - Sten\u00e5sa\" \/>\n<meta property=\"og:description\" content=\"V\u00e4lkommen p\u00e5 en h\u00e4rlig kv\u00e4llsvandring l\u00e4ngs kusten! Vi m\u00f6ter de vadare som \u00e4r p\u00e5 v\u00e4g mot sina h\u00e4ckningsomr\u00e5den i norr. Vi r\u00f6r oss i det klassiska vadart\u00e4ta omr\u00e5det mellan Sten\u00e5sa [&hellip;]\" \/>\n<meta property=\"og:url\" content=\"https:\/\/stenasa.com\/de\/veranstaltung\/vogelbeobachtung_watvogelwanderung\/\" \/>\n<meta property=\"og:site_name\" content=\"Camping, Stugor &amp; St\u00e4llplatser p\u00e5 \u00d6land - Sten\u00e5sa\" \/>\n<meta property=\"article:publisher\" content=\"https:\/\/www.facebook.com\/stenasa.stugor.camping\" \/>\n<meta property=\"article:modified_time\" content=\"2026-04-29T11:13:43+00:00\" \/>\n<meta property=\"og:image\" content=\"https:\/\/stenasa.com\/wp-content\/uploads\/2026\/04\/Tuvsnappa.jpg\" \/>\n\t<meta property=\"og:image:width\" content=\"1724\" \/>\n\t<meta property=\"og:image:height\" content=\"1442\" \/>\n\t<meta property=\"og:image:type\" content=\"image\/jpeg\" \/>\n<meta name=\"twitter:card\" content=\"summary_large_image\" \/>\n<meta name=\"twitter:label1\" content=\"Gesch\u00e4tzte Lesezeit\" \/>\n\t<meta name=\"twitter:data1\" content=\"1\u00a0Minute\" \/>\n<script type=\"application\/ld+json\" class=\"yoast-schema-graph\">{\"@context\":\"https:\\\/\\\/schema.org\",\"@graph\":[{\"@type\":\"WebPage\",\"@id\":\"https:\\\/\\\/stenasa.com\\\/evenemang\\\/fagelguidning_vadarvandring\\\/\",\"url\":\"https:\\\/\\\/stenasa.com\\\/evenemang\\\/fagelguidning_vadarvandring\\\/\",\"name\":\"F\u00e5gelguidning \\\/ Vadarvandring - Camping, Stugor &amp; St\u00e4llplatser p\u00e5 \u00d6land - Sten\u00e5sa\",\"isPartOf\":{\"@id\":\"https:\\\/\\\/stenasa.com\\\/#website\"},\"primaryImageOfPage\":{\"@id\":\"https:\\\/\\\/stenasa.com\\\/evenemang\\\/fagelguidning_vadarvandring\\\/#primaryimage\"},\"image\":{\"@id\":\"https:\\\/\\\/stenasa.com\\\/evenemang\\\/fagelguidning_vadarvandring\\\/#primaryimage\"},\"thumbnailUrl\":\"https:\\\/\\\/stenasa.com\\\/wp-content\\\/uploads\\\/2026\\\/04\\\/Tuvsnappa.jpg\",\"datePublished\":\"2026-04-09T23:32:58+00:00\",\"dateModified\":\"2026-04-29T11:13:43+00:00\",\"breadcrumb\":{\"@id\":\"https:\\\/\\\/stenasa.com\\\/evenemang\\\/fagelguidning_vadarvandring\\\/#breadcrumb\"},\"inLanguage\":\"de\",\"potentialAction\":[{\"@type\":\"ReadAction\",\"target\":[\"https:\\\/\\\/stenasa.com\\\/evenemang\\\/fagelguidning_vadarvandring\\\/\"]}]},{\"@type\":\"ImageObject\",\"inLanguage\":\"de\",\"@id\":\"https:\\\/\\\/stenasa.com\\\/evenemang\\\/fagelguidning_vadarvandring\\\/#primaryimage\",\"url\":\"https:\\\/\\\/stenasa.com\\\/wp-content\\\/uploads\\\/2026\\\/04\\\/Tuvsnappa.jpg\",\"contentUrl\":\"https:\\\/\\\/stenasa.com\\\/wp-content\\\/uploads\\\/2026\\\/04\\\/Tuvsnappa.jpg\",\"width\":1724,\"height\":1442,\"caption\":\"Tuvsn\u00e4ppa\"},{\"@type\":\"BreadcrumbList\",\"@id\":\"https:\\\/\\\/stenasa.com\\\/evenemang\\\/fagelguidning_vadarvandring\\\/#breadcrumb\",\"itemListElement\":[{\"@type\":\"ListItem\",\"position\":1,\"name\":\"Hem\",\"item\":\"https:\\\/\\\/stenasa.com\\\/\"},{\"@type\":\"ListItem\",\"position\":2,\"name\":\"Events\",\"item\":\"https:\\\/\\\/stenasa.com\\\/events\\\/\"},{\"@type\":\"ListItem\",\"position\":3,\"name\":\"F\u00e5gelguidning \\\/ Vadarvandring\"}]},{\"@type\":\"WebSite\",\"@id\":\"https:\\\/\\\/stenasa.com\\\/#website\",\"url\":\"https:\\\/\\\/stenasa.com\\\/\",\"name\":\"Camping, Stugor & St\u00e4llplatser p\u00e5 \u00d6land - Sten\u00e5sa\",\"description\":\"\",\"publisher\":{\"@id\":\"https:\\\/\\\/stenasa.com\\\/#organization\"},\"potentialAction\":[{\"@type\":\"SearchAction\",\"target\":{\"@type\":\"EntryPoint\",\"urlTemplate\":\"https:\\\/\\\/stenasa.com\\\/?s={search_term_string}\"},\"query-input\":{\"@type\":\"PropertyValueSpecification\",\"valueRequired\":true,\"valueName\":\"search_term_string\"}}],\"inLanguage\":\"de\"},{\"@type\":\"Organization\",\"@id\":\"https:\\\/\\\/stenasa.com\\\/#organization\",\"name\":\"Camping, Stugor & St\u00e4llplatser p\u00e5 \u00d6land - Sten\u00e5sa\",\"url\":\"https:\\\/\\\/stenasa.com\\\/\",\"logo\":{\"@type\":\"ImageObject\",\"inLanguage\":\"de\",\"@id\":\"https:\\\/\\\/stenasa.com\\\/#\\\/schema\\\/logo\\\/image\\\/\",\"url\":\"https:\\\/\\\/stenasa.com\\\/wp-content\\\/uploads\\\/2026\\\/03\\\/logo_svart.svg\",\"contentUrl\":\"https:\\\/\\\/stenasa.com\\\/wp-content\\\/uploads\\\/2026\\\/03\\\/logo_svart.svg\",\"width\":1,\"height\":1,\"caption\":\"Camping, Stugor & St\u00e4llplatser p\u00e5 \u00d6land - Sten\u00e5sa\"},\"image\":{\"@id\":\"https:\\\/\\\/stenasa.com\\\/#\\\/schema\\\/logo\\\/image\\\/\"},\"sameAs\":[\"https:\\\/\\\/www.facebook.com\\\/stenasa.stugor.camping\"]}]}<\/script>\n<!-- \/ Yoast SEO plugin. -->","yoast_head_json":{"title":"Vogelbeobachtung \/ Wattwanderung - Camping, H\u00fctten &amp; Stellpl\u00e4tze auf \u00d6land - Sten\u00e5sa","robots":{"index":"index","follow":"follow","max-snippet":"max-snippet:-1","max-image-preview":"max-image-preview:large","max-video-preview":"max-video-preview:-1"},"canonical":"https:\/\/stenasa.com\/de\/veranstaltung\/vogelbeobachtung_watvogelwanderung\/","og_locale":"de_DE","og_type":"article","og_title":"F\u00e5gelguidning \/ Vadarvandring - Camping, Stugor &amp; St\u00e4llplatser p\u00e5 \u00d6land - Sten\u00e5sa","og_description":"V\u00e4lkommen p\u00e5 en h\u00e4rlig kv\u00e4llsvandring l\u00e4ngs kusten! Vi m\u00f6ter de vadare som \u00e4r p\u00e5 v\u00e4g mot sina h\u00e4ckningsomr\u00e5den i norr. Vi r\u00f6r oss i det klassiska vadart\u00e4ta omr\u00e5det mellan Sten\u00e5sa [&hellip;]","og_url":"https:\/\/stenasa.com\/de\/veranstaltung\/vogelbeobachtung_watvogelwanderung\/","og_site_name":"Camping, Stugor &amp; St\u00e4llplatser p\u00e5 \u00d6land - Sten\u00e5sa","article_publisher":"https:\/\/www.facebook.com\/stenasa.stugor.camping","article_modified_time":"2026-04-29T11:13:43+00:00","og_image":[{"width":1724,"height":1442,"url":"https:\/\/stenasa.com\/wp-content\/uploads\/2026\/04\/Tuvsnappa.jpg","type":"image\/jpeg"}],"twitter_card":"summary_large_image","twitter_misc":{"Gesch\u00e4tzte Lesezeit":"1\u00a0Minute"},"schema":{"@context":"https:\/\/schema.org","@graph":[{"@type":"WebPage","@id":"https:\/\/stenasa.com\/evenemang\/fagelguidning_vadarvandring\/","url":"https:\/\/stenasa.com\/evenemang\/fagelguidning_vadarvandring\/","name":"Vogelbeobachtung \/ Wattwanderung - Camping, H\u00fctten &amp; Stellpl\u00e4tze auf \u00d6land - Sten\u00e5sa","isPartOf":{"@id":"https:\/\/stenasa.com\/#website"},"primaryImageOfPage":{"@id":"https:\/\/stenasa.com\/evenemang\/fagelguidning_vadarvandring\/#primaryimage"},"image":{"@id":"https:\/\/stenasa.com\/evenemang\/fagelguidning_vadarvandring\/#primaryimage"},"thumbnailUrl":"https:\/\/stenasa.com\/wp-content\/uploads\/2026\/04\/Tuvsnappa.jpg","datePublished":"2026-04-09T23:32:58+00:00","dateModified":"2026-04-29T11:13:43+00:00","breadcrumb":{"@id":"https:\/\/stenasa.com\/evenemang\/fagelguidning_vadarvandring\/#breadcrumb"},"inLanguage":"de","potentialAction":[{"@type":"ReadAction","target":["https:\/\/stenasa.com\/evenemang\/fagelguidning_vadarvandring\/"]}]},{"@type":"ImageObject","inLanguage":"de","@id":"https:\/\/stenasa.com\/evenemang\/fagelguidning_vadarvandring\/#primaryimage","url":"https:\/\/stenasa.com\/wp-content\/uploads\/2026\/04\/Tuvsnappa.jpg","contentUrl":"https:\/\/stenasa.com\/wp-content\/uploads\/2026\/04\/Tuvsnappa.jpg","width":1724,"height":1442,"caption":"Tuvsn\u00e4ppa"},{"@type":"BreadcrumbList","@id":"https:\/\/stenasa.com\/evenemang\/fagelguidning_vadarvandring\/#breadcrumb","itemListElement":[{"@type":"ListItem","position":1,"name":"Hem","item":"https:\/\/stenasa.com\/"},{"@type":"ListItem","position":2,"name":"Events","item":"https:\/\/stenasa.com\/events\/"},{"@type":"ListItem","position":3,"name":"F\u00e5gelguidning \/ Vadarvandring"}]},{"@type":"WebSite","@id":"https:\/\/stenasa.com\/#website","url":"https:\/\/stenasa.com\/","name":"Camping, Ferienh\u00e4user &amp; Stellpl\u00e4tze auf \u00d6land - Sten\u00e5sa","description":"","publisher":{"@id":"https:\/\/stenasa.com\/#organization"},"potentialAction":[{"@type":"SearchAction","target":{"@type":"EntryPoint","urlTemplate":"https:\/\/stenasa.com\/?s={search_term_string}"},"query-input":{"@type":"PropertyValueSpecification","valueRequired":true,"valueName":"search_term_string"}}],"inLanguage":"de"},{"@type":"Organization","@id":"https:\/\/stenasa.com\/#organization","name":"Camping, Ferienh\u00e4user &amp; Stellpl\u00e4tze auf \u00d6land - Sten\u00e5sa","url":"https:\/\/stenasa.com\/","logo":{"@type":"ImageObject","inLanguage":"de","@id":"https:\/\/stenasa.com\/#\/schema\/logo\/image\/","url":"https:\/\/stenasa.com\/wp-content\/uploads\/2026\/03\/logo_svart.svg","contentUrl":"https:\/\/stenasa.com\/wp-content\/uploads\/2026\/03\/logo_svart.svg","width":1,"height":1,"caption":"Camping, Stugor & St\u00e4llplatser p\u00e5 \u00d6land - Sten\u00e5sa"},"image":{"@id":"https:\/\/stenasa.com\/#\/schema\/logo\/image\/"},"sameAs":["https:\/\/www.facebook.com\/stenasa.stugor.camping"]}]}},"_links":{"self":[{"href":"https:\/\/stenasa.com\/de\/wp-json\/wp\/v2\/tribe_events\/2701","targetHints":{"allow":["GET"]}}],"collection":[{"href":"https:\/\/stenasa.com\/de\/wp-json\/wp\/v2\/tribe_events"}],"about":[{"href":"https:\/\/stenasa.com\/de\/wp-json\/wp\/v2\/types\/tribe_events"}],"author":[{"embeddable":true,"href":"https:\/\/stenasa.com\/de\/wp-json\/wp\/v2\/users\/1"}],"version-history":[{"count":9,"href":"https:\/\/stenasa.com\/de\/wp-json\/wp\/v2\/tribe_events\/2701\/revisions"}],"predecessor-version":[{"id":3397,"href":"https:\/\/stenasa.com\/de\/wp-json\/wp\/v2\/tribe_events\/2701\/revisions\/3397"}],"wp:featuredmedia":[{"embeddable":true,"href":"https:\/\/stenasa.com\/de\/wp-json\/wp\/v2\/media\/3152"}],"wp:attachment":[{"href":"https:\/\/stenasa.com\/de\/wp-json\/wp\/v2\/media?parent=2701"}],"wp:term":[{"taxonomy":"post_tag","embeddable":true,"href":"https:\/\/stenasa.com\/de\/wp-json\/wp\/v2\/tags?post=2701"},{"taxonomy":"tribe_events_cat","embeddable":true,"href":"https:\/\/stenasa.com\/de\/wp-json\/wp\/v2\/tribe_events_cat?post=2701"}],"curies":[{"name":"wp","href":"https:\/\/api.w.org\/{rel}","templated":true}]}}