{"id":2206,"date":"2026-04-02T09:28:22","date_gmt":"2026-04-02T09:28:22","guid":{"rendered":"https:\/\/techmedia4you.se\/tmp\/?page_id=2206"},"modified":"2026-04-29T12:17:26","modified_gmt":"2026-04-29T10:17:26","slug":"camping-auf-oland","status":"publish","type":"page","link":"https:\/\/stenasa.com\/de\/camping-oland\/","title":{"rendered":"Camping \u00d6land"},"content":{"rendered":"<p>[et_pb_section fb_built=&#8221;1&#8243; admin_label=&#8221;hero&#8221; _builder_version=&#8221;4.27.6&#8243; _module_preset=&#8221;default&#8221; background_enable_color=&#8221;off&#8221; background_image=&#8221;https:\/\/stenasa.com\/wp-content\/uploads\/2026\/04\/camping_pa_Oland.jpg&#8221; background_enable_video_mp4=&#8221;off&#8221; background_enable_video_webm=&#8221;off&#8221; min_height_tablet=&#8221;100vh&#8221; min_height_phone=&#8221;90vh&#8221; min_height_last_edited=&#8221;off|desktop&#8221; height=&#8221;60vh&#8221; global_colors_info=&#8221;{}&#8221;][et_pb_row custom_padding_last_edited=&#8221;off|phone&#8221; admin_label=&#8221;h1&#8243; _builder_version=&#8221;4.27.6&#8243; _module_preset=&#8221;default&#8221; width=&#8221;90%&#8221; width_tablet=&#8221;90%&#8221; width_phone=&#8221;96%&#8221; width_last_edited=&#8221;on|phone&#8221; max_width=&#8221;90%&#8221; max_width_tablet=&#8221;90%&#8221; max_width_phone=&#8221;96%&#8221; max_width_last_edited=&#8221;on|phone&#8221; custom_padding=&#8221;15vh||||false|false&#8221; custom_padding_tablet=&#8221;5vh||||false|false&#8221; custom_padding_phone=&#8221;15vh||0px||false|false&#8221; animation_style=&#8221;fade&#8221; animation_duration=&#8221;350ms&#8221; scroll_vertical_motion=&#8221;35|50|50|100|4|0|-4&#8243; hover_enabled=&#8221;0&#8243; animation_duration_phone=&#8221;0ms&#8221; animation_duration_last_edited=&#8221;off|desktop&#8221; border_radii=&#8221;on|0px|0px|0px|0px&#8221; global_colors_info=&#8221;{}&#8221; sticky_enabled=&#8221;0&#8243;][et_pb_column type=&#8221;4_4&#8243; _builder_version=&#8221;4.27.6&#8243; _module_preset=&#8221;default&#8221; global_colors_info=&#8221;{}&#8221;][et_pb_text _builder_version=&#8221;4.27.6&#8243; _module_preset=&#8221;default&#8221; header_font=&#8221;|600|||||||&#8221; header_text_color=&#8221;#FFFFFF&#8221; header_font_size=&#8221;2rem&#8221; header_line_height=&#8221;1.2em&#8221; custom_margin=&#8221;||0px||false|false&#8221; custom_padding=&#8221;||0px||false|false&#8221; scroll_vertical_motion=&#8221;0|50|50|100|1|0|-1&#8243; scroll_horizontal_motion=&#8221;0|50|50|100|1|0|-5&#8243; header_font_size_tablet=&#8221;2rem&#8221; header_font_size_phone=&#8221;1.5rem&#8221; header_font_size_last_edited=&#8221;on|desktop&#8221; border_color_all=&#8221;RGBA(255,255,255,0)&#8221; border_style_all=&#8221;none&#8221; global_colors_info=&#8221;{}&#8221;]<\/p>\n<h1>Camping p\u00e5 \u00d6land<\/h1>\n<p>[\/et_pb_text][et_pb_text _builder_version=&#8221;4.27.6&#8243; _module_preset=&#8221;default&#8221; text_text_color=&#8221;#FFFFFF&#8221; text_font_size=&#8221;1rem&#8221; global_colors_info=&#8221;{}&#8221;]En natursk\u00f6n camping mitt i v\u00e4rldsarvet p\u00e5 \u00d6land[\/et_pb_text][\/et_pb_column][\/et_pb_row][et_pb_row admin_label=&#8221;btns&#8221; _builder_version=&#8221;4.27.6&#8243; _module_preset=&#8221;default&#8221; width=&#8221;90%&#8221; width_tablet=&#8221;90%&#8221; width_phone=&#8221;96%&#8221; width_last_edited=&#8221;on|phone&#8221; max_width=&#8221;90%&#8221; max_width_tablet=&#8221;90%&#8221; max_width_phone=&#8221;96%&#8221; max_width_last_edited=&#8221;on|phone&#8221; custom_margin=&#8221;0px||0px||true|false&#8221; custom_padding=&#8221;0px||0px||true|false&#8221; border_radii=&#8221;on|0px|0px|0px|0px&#8221; global_colors_info=&#8221;{}&#8221;][et_pb_column type=&#8221;4_4&#8243; _builder_version=&#8221;4.27.6&#8243; _module_preset=&#8221;default&#8221; custom_css_main_element=&#8221;display: flex;||flex-wrap: wrap;||gap: 10px;&#8221; global_colors_info=&#8221;{}&#8221;][et_pb_button button_url=&#8221;@ET-DC@eyJkeW5hbWljIjp0cnVlLCJjb250ZW50IjoicG9zdF9saW5rX3VybF9wYWdlIiwic2V0dGluZ3MiOnsicG9zdF9pZCI6IjE5OTIifX0=@&#8221; button_text=&#8221;Hitta din perfekta stuga &#8221; admin_label=&#8221;btn&#8221; _builder_version=&#8221;4.27.6&#8243; _dynamic_attributes=&#8221;button_url&#8221; _module_preset=&#8221;default&#8221; custom_button=&#8221;on&#8221; button_text_size=&#8221;16px&#8221; button_bg_color=&#8221;#FFFFFF&#8221; button_border_width=&#8221;0px&#8221; button_border_color=&#8221;RGBA(255,255,255,0)&#8221; button_border_radius=&#8221;8px&#8221; button_font=&#8221;|300|||||||&#8221; button_use_icon=&#8221;off&#8221; custom_margin=&#8221;||||false|false&#8221; global_module=&#8221;1618&#8243; saved_tabs=&#8221;all&#8221; locked=&#8221;off&#8221; global_colors_info=&#8221;{}&#8221; button_text_color__hover_enabled=&#8221;on|hover&#8221; button_text_color__hover=&#8221;#FFFFFF&#8221; button_bg_color__hover_enabled=&#8221;on|hover&#8221; button_bg_color__hover=&#8221;#0A0A0A&#8221; button_bg_enable_color__hover=&#8221;on&#8221;][\/et_pb_button][et_pb_button button_url=&#8221;https:\/\/bokning4.paxess.se\/stenasa2&#8243; url_new_window=&#8221;on&#8221; button_text=&#8221;Boka nu&#8221; admin_label=&#8221;Boka nu&#8221; _builder_version=&#8221;4.27.6&#8243; _module_preset=&#8221;default&#8221; custom_button=&#8221;on&#8221; button_text_size=&#8221;16px&#8221; button_text_color=&#8221;#FFFFFF&#8221; button_bg_color=&#8221;#EF6426&#8243; button_border_width=&#8221;0px&#8221; button_border_color=&#8221;RGBA(255,255,255,0)&#8221; button_border_radius=&#8221;8px&#8221; button_font=&#8221;|300|||||||&#8221; button_use_icon=&#8221;off&#8221; position_origin_f=&#8221;center_center&#8221; custom_margin=&#8221;|||15px|false|false&#8221; custom_margin_tablet=&#8221;|||15px|false|false&#8221; custom_margin_phone=&#8221;|||0px|false|false&#8221; custom_margin_last_edited=&#8221;on|phone&#8221; custom_padding=&#8221;||||false|false&#8221; global_module=&#8221;1617&#8243; saved_tabs=&#8221;all&#8221; global_colors_info=&#8221;{}&#8221; button_text_color__hover_enabled=&#8221;off|desktop&#8221; button_text_color__hover=&#8221;#FFFFFF&#8221; button_bg_color__hover_enabled=&#8221;on|hover&#8221; button_bg_color__hover=&#8221;#0A0A0A&#8221; button_bg_enable_color__hover=&#8221;on&#8221;][\/et_pb_button][\/et_pb_column][\/et_pb_row][\/et_pb_section][et_pb_section fb_built=&#8221;1&#8243; _builder_version=&#8221;4.27.6&#8243; _module_preset=&#8221;default&#8221; custom_margin=&#8221;0px||0px||true|false&#8221; custom_padding=&#8221;0px||0px||true|false&#8221; global_colors_info=&#8221;{}&#8221; locked=&#8221;off&#8221;][et_pb_row _builder_version=&#8221;4.27.6&#8243; _module_preset=&#8221;default&#8221; width=&#8221;90%&#8221; width_tablet=&#8221;90%&#8221; width_phone=&#8221;96%&#8221; width_last_edited=&#8221;on|phone&#8221; max_width=&#8221;90%&#8221; max_width_tablet=&#8221;90%&#8221; max_width_phone=&#8221;96%&#8221; max_width_last_edited=&#8221;on|desktop&#8221; custom_margin=&#8221;||||false|false&#8221; custom_padding=&#8221;0px||0px||true|false&#8221; border_radii=&#8221;on|0px|0px|0px|0px&#8221; global_colors_info=&#8221;{}&#8221;][et_pb_column type=&#8221;4_4&#8243; _builder_version=&#8221;4.27.6&#8243; _module_preset=&#8221;default&#8221; global_colors_info=&#8221;{}&#8221;][et_pb_code _builder_version=&#8221;4.27.6&#8243; _module_preset=&#8221;default&#8221; hover_enabled=&#8221;0&#8243; global_colors_info=&#8221;{}&#8221; sticky_enabled=&#8221;0&#8243;]<span><span><a href=\"https:\/\/stenasa.com\/\">Hem<\/a><\/span><\/span>[\/et_pb_code][\/et_pb_column][\/et_pb_row][\/et_pb_section][et_pb_section fb_built=&#8221;1&#8243; custom_padding_last_edited=&#8221;off|phone&#8221; _builder_version=&#8221;4.27.6&#8243; _module_preset=&#8221;default&#8221; custom_margin_phone=&#8221;||||false|false&#8221; custom_margin_last_edited=&#8221;off|phone&#8221; custom_padding_phone=&#8221;0px||||false|false&#8221; hover_enabled=&#8221;0&#8243; global_colors_info=&#8221;{}&#8221; sticky_enabled=&#8221;0&#8243; custom_padding=&#8221;0px||||false|false&#8221;][et_pb_row column_structure=&#8221;2_3,1_3&#8243; _builder_version=&#8221;4.27.6&#8243; _module_preset=&#8221;default&#8221; width=&#8221;90%&#8221; width_tablet=&#8221;90%&#8221; width_phone=&#8221;96%&#8221; width_last_edited=&#8221;on|phone&#8221; max_width=&#8221;90%&#8221; max_width_tablet=&#8221;90%&#8221; max_width_phone=&#8221;96%&#8221; max_width_last_edited=&#8221;on|desktop&#8221; animation_style=&#8221;slide&#8221; animation_direction=&#8221;bottom&#8221; hover_enabled=&#8221;0&#8243; global_colors_info=&#8221;{}&#8221; sticky_enabled=&#8221;0&#8243;][et_pb_column type=&#8221;2_3&#8243; _builder_version=&#8221;4.27.6&#8243; _module_preset=&#8221;default&#8221; global_colors_info=&#8221;{}&#8221;][et_pb_text _builder_version=&#8221;4.27.6&#8243; _module_preset=&#8221;default&#8221; text_font=&#8221;|600|||||||&#8221; text_text_color=&#8221;#000000&#8243; text_font_size=&#8221;1.8rem&#8221; text_line_height=&#8221;1.4em&#8221; header_font=&#8221;|600|||||||&#8221; header_text_color=&#8221;#FFFFFF&#8221; header_font_size=&#8221;2rem&#8221; header_line_height=&#8221;1.2em&#8221; custom_margin=&#8221;||0px||false|false&#8221; custom_padding=&#8221;||0px||false|false&#8221; text_font_size_tablet=&#8221;2rem&#8221; text_font_size_phone=&#8221;1.4rem&#8221; text_font_size_last_edited=&#8221;on|phone&#8221; header_font_size_tablet=&#8221;2rem&#8221; header_font_size_phone=&#8221;1.3rem&#8221; header_font_size_last_edited=&#8221;on|desktop&#8221; border_color_all=&#8221;RGBA(255,255,255,0)&#8221; border_style_all=&#8221;none&#8221; global_colors_info=&#8221;{}&#8221;]<\/p>\n<p>Camping \u00d6land<\/p>\n<p>[\/et_pb_text][et_pb_text _builder_version=&#8221;4.27.6&#8243; _module_preset=&#8221;default&#8221; text_text_color=&#8221;#000000&#8243; text_font_size=&#8221;1rem&#8221; text_line_height=&#8221;1.8em&#8221; custom_margin=&#8221;15px||23px||false|false&#8221; global_colors_info=&#8221;{}&#8221;]P\u00e5 v\u00e5r camping p\u00e5 \u00d6land kan du st\u00e5 med t\u00e4lt, husvagn eller husbil och du kan v\u00e4lja att st\u00e5 med eller utan el. V\u00e5ra uppm\u00e4rkta el-platser \u00e4r 80-120 kvm och har elstolpar med 10 A \/EU\/CEE-216 koppling. V\u00e4ljer du att st\u00e5 utan el s\u00e5 \u00e4r platserna omarkerade inom specificerade omr\u00e5den.<\/p>\n<p>Vi \u00e4r medlemmar i Svensk Camping. N\u00e4r du campar hos oss beh\u00f6ver du d\u00e4rf\u00f6r det digitala kortet, Camping Key Europe eller Camping-Id.<\/p>\n<p>Incheckning: 12.00 \u2013 17.30 (under sommars\u00e4song 15\/6 \u2013 9\/8: 12.00 \u2013 20.00). \u00d6vrig tid efter \u00f6verenskommelse!<\/p>\n<p>Utcheckning: 07.00 \u2013 12.00. Nytt dygn f\u00f6r camping fr\u00e5n och med kl. 12.00.[\/et_pb_text][\/et_pb_column][et_pb_column type=&#8221;1_3&#8243; _builder_version=&#8221;4.27.6&#8243; _module_preset=&#8221;default&#8221; global_colors_info=&#8221;{}&#8221;][\/et_pb_column][\/et_pb_row][et_pb_row column_structure=&#8221;1_2,1_2&#8243; _builder_version=&#8221;4.27.6&#8243; _module_preset=&#8221;default&#8221; width=&#8221;90%&#8221; width_tablet=&#8221;90%&#8221; width_phone=&#8221;96%&#8221; width_last_edited=&#8221;on|phone&#8221; max_width=&#8221;90%&#8221; max_width_tablet=&#8221;90%&#8221; max_width_phone=&#8221;96%&#8221; max_width_last_edited=&#8221;on|desktop&#8221; global_colors_info=&#8221;{}&#8221;][et_pb_column type=&#8221;1_2&#8243; _builder_version=&#8221;4.27.6&#8243; _module_preset=&#8221;default&#8221; global_colors_info=&#8221;{}&#8221;][dnxte_advanced_tab hover_effect=&#8221;dnxt-hover-fadeIn &#8221; tab_hover_effect=&#8221;none&#8221; tab_container_bg_color=&#8221;RGBA(255,255,255,0)&#8221; tab_single_bg_color=&#8221;#F2F2F2&#8243; _builder_version=&#8221;4.27.6&#8243; _module_preset=&#8221;default&#8221; border_radii_tab=&#8221;on|13px|13px|13px|13px&#8221; border_width_all_tab=&#8221;5px&#8221; border_color_all_tab=&#8221;#FFFFFF&#8221; border_radii_tab_active=&#8221;on|8px|8px|8px|8px&#8221; border_width_all_tab_active=&#8221;1px&#8221; border_color_all_tab_active=&#8221;rgba(0,0,0,0.22)&#8221; global_colors_info=&#8221;{}&#8221;][dnxte_advanced_tab_item admin_label_text=&#8221;v\u00e5r&#8221; tab_title=&#8221;V\u00e5r&#8221; tab_subtitle=&#8221;10\/4-4\/6&#8243; active_on_load=&#8221;on&#8221; body_description=&#8221;<\/p>\n<p>Camping\/natt inkl. el 365 kr<\/p>\n<p>Camping\/natt exkl. el 285 kr<\/p>\n<p>&#8221; _builder_version=&#8221;4.27.6&#8243; _module_preset=&#8221;default&#8221; tab_title_font=&#8221;|600|||||||&#8221; tab_title_text_color=&#8221;#000000&#8243; tab_title_font_size=&#8221;18px&#8221; tab_subtitle_text_color=&#8221;#000000&#8243; tab_subtitle_font_size=&#8221;16px&#8221; global_colors_info=&#8221;{}&#8221;][\/dnxte_advanced_tab_item][dnxte_advanced_tab_item admin_label_text=&#8221;sommar&#8221; tab_title=&#8221;Sommar&#8221; tab_subtitle=&#8221;5\/6-16\/8&#8243; active_on_load=&#8221;on&#8221; body_description=&#8221;<\/p>\n<p>Camping\/natt inkl. el 480 kr<\/p>\n<p>Camping\/natt exkl. el 400 kr<\/p>\n<p>&#8221; tab_bg_color=&#8221;#F2F2F2&#8243; content_bg_color=&#8221;RGBA(255,255,255,0)&#8221; _builder_version=&#8221;4.27.6&#8243; _module_preset=&#8221;default&#8221; tab_title_font=&#8221;|600|||||||&#8221; tab_title_text_color=&#8221;#000000&#8243; tab_title_font_size=&#8221;18px&#8221; tab_subtitle_text_color=&#8221;#000000&#8243; tab_subtitle_font_size=&#8221;16px&#8221; global_colors_info=&#8221;{}&#8221;][\/dnxte_advanced_tab_item][dnxte_advanced_tab_item admin_label_text=&#8221;H\u00f6st&#8221; tab_title=&#8221;H\u00f6st&#8221; tab_subtitle=&#8221;17\/8-23\/9&#8243; active_on_load=&#8221;on&#8221; body_description=&#8221;<\/p>\n<p>Camping\/natt inkl. el 365 kr<\/p>\n<p>Camping\/natt exkl. el 285 kr<\/p>\n<p>&#8221; tab_bg_color=&#8221;#F2F2F2&#8243; content_bg_color=&#8221;RGBA(255,255,255,0)&#8221; _builder_version=&#8221;4.27.6&#8243; _module_preset=&#8221;default&#8221; tab_title_font=&#8221;|600|||||||&#8221; tab_title_text_color=&#8221;#000000&#8243; tab_title_font_size=&#8221;18px&#8221; tab_subtitle_text_color=&#8221;#000000&#8243; tab_subtitle_font_size=&#8221;16px&#8221; global_colors_info=&#8221;{}&#8221;][\/dnxte_advanced_tab_item][dnxte_advanced_tab_item admin_label_text=&#8221;Sk\u00f6rde&#8221; tab_title=&#8221;Sk\u00f6rde&#8221; tab_subtitle=&#8221;24\/9-27\/9&#8243; active_on_load=&#8221;on&#8221; body_description=&#8221;<\/p>\n<p>Camping\/natt inkl. el 480 kr<\/p>\n<p>Camping\/natt exkl. el 400 kr<\/p>\n<p>&#8221; tab_bg_color=&#8221;#F2F2F2&#8243; content_bg_color=&#8221;RGBA(255,255,255,0)&#8221; _builder_version=&#8221;4.27.6&#8243; _module_preset=&#8221;default&#8221; tab_title_font=&#8221;|600|||||||&#8221; tab_title_text_color=&#8221;#000000&#8243; tab_title_font_size=&#8221;18px&#8221; tab_subtitle_text_color=&#8221;#000000&#8243; tab_subtitle_font_size=&#8221;16px&#8221; global_colors_info=&#8221;{}&#8221;][\/dnxte_advanced_tab_item][dnxte_advanced_tab_item admin_label_text=&#8221;H\u00f6st 28-9&#8243; tab_title=&#8221;H\u00f6st&#8221; tab_subtitle=&#8221;28\/9-18\/10&#8243; active_on_load=&#8221;on&#8221; body_description=&#8221;<\/p>\n<p>Camping\/natt inkl. el 375 kr<\/p>\n<p>Camping\/natt exkl. el 295 kr<\/p>\n<p>&#8221; tab_bg_color=&#8221;#F2F2F2&#8243; content_bg_color=&#8221;RGBA(255,255,255,0)&#8221; _builder_version=&#8221;4.27.6&#8243; _module_preset=&#8221;default&#8221; tab_title_font=&#8221;|600|||||||&#8221; tab_title_text_color=&#8221;#000000&#8243; tab_title_font_size=&#8221;18px&#8221; tab_subtitle_text_color=&#8221;#000000&#8243; tab_subtitle_font_size=&#8221;16px&#8221; global_colors_info=&#8221;{}&#8221;][\/dnxte_advanced_tab_item][\/dnxte_advanced_tab][et_pb_text _builder_version=&#8221;4.27.6&#8243; _module_preset=&#8221;default&#8221; text_text_color=&#8221;#000000&#8243; text_font_size=&#8221;1rem&#8221; text_line_height=&#8221;1.8em&#8221; custom_margin=&#8221;15px||23px||false|false&#8221; global_colors_info=&#8221;{}&#8221;]<\/p>\n<h3>Till\u00e4gg<\/h3>\n<ul>\n<li>Extra person \u00f6ver 4 pers.: <strong>50 SEK \/ dygn<\/strong><\/li>\n<li>Extra t\u00e4lt (barn under 18 \u00e5r): <strong>160 SEK \/ dygn<\/strong><\/li>\n<li>Avbest\u00e4llningsskydd: <strong>250 SEK<\/strong><\/li>\n<\/ul>\n<hr \/>\n<h3>Avbokning &amp; Skydd<\/h3>\n<p>Vid bokning kan du v\u00e4lja till ett avbest\u00e4llningsskydd. Det ger dig m\u00f6jlighet att avboka fram till ankomstdagen med \u00e5terbetalning (avdrag sker med <strong>600 SEK<\/strong> f\u00f6r administrativ avgift och skydd). Se fullst\u00e4ndiga villkor nedan.<\/p>\n<hr \/>\n<h3>Dokument &amp; Information<\/h3>\n<ul>\n<li><a href=\"\/wp-content\/uploads\/2026\/04\/Bokningsvillkor-2026-05-01.pdf\" target=\"_blank\" rel=\"noopener\">Bokningsvillkor &amp; ordningsregler (PDF)<\/a><\/li>\n<li><a href=\"https:\/\/stenasa.com\/wp-content\/uploads\/2026\/04\/Stenasa_Karta_2026.pdf\" target=\"_blank\" rel=\"noopener\">Campingkarta (PDF)<\/a><\/li>\n<\/ul>\n<p><em>Vi reserverar oss f\u00f6r eventuella pris\u00e4ndringar, tryckfel och framtida \u00e4ndringar.<\/em><\/p>\n<p>[\/et_pb_text][\/et_pb_column][et_pb_column type=&#8221;1_2&#8243; _builder_version=&#8221;4.27.6&#8243; _module_preset=&#8221;default&#8221; global_colors_info=&#8221;{}&#8221;][et_pb_image src=&#8221;https:\/\/stenasa.com\/wp-content\/uploads\/2026\/04\/campingg_karta.jpg&#8221; title_text=&#8221;campingg_karta&#8221; url=&#8221;https:\/\/stenasa.com\/wp-content\/uploads\/2025\/12\/Stenasa_Karta_2026.pdf&#8221; url_new_window=&#8221;on&#8221; align=&#8221;right&#8221; force_fullwidth=&#8221;on&#8221; _builder_version=&#8221;4.27.6&#8243; _module_preset=&#8221;default&#8221; custom_margin=&#8221;||14px|||&#8221; border_radii=&#8221;on|10px|10px|10px|10px&#8221; global_colors_info=&#8221;{}&#8221;][\/et_pb_image][et_pb_blurb title=&#8221;Klicka h\u00e4r f\u00f6r campingkarta&#8221; image_icon_width=&#8221;24px&#8221; icon_alignment=&#8221;right&#8221; content_max_width=&#8221;100%&#8221; _builder_version=&#8221;4.27.6&#8243; _module_preset=&#8221;default&#8221; header_level=&#8221;h2&#8243; header_text_align=&#8221;right&#8221; header_font_size=&#8221;16px&#8221; body_text_align=&#8221;left&#8221; module_alignment=&#8221;right&#8221; custom_margin=&#8221;||||false|false&#8221; custom_padding=&#8221;||||false|false&#8221; link_option_url=&#8221;https:\/\/stenasa.com\/wp-content\/uploads\/2026\/04\/Stenasa_Karta_2026.pdf&#8221; link_option_url_new_window=&#8221;on&#8221; global_colors_info=&#8221;{}&#8221;][\/et_pb_blurb][\/et_pb_column][\/et_pb_row][\/et_pb_section][et_pb_section fb_built=&#8221;1&#8243; custom_padding_last_edited=&#8221;on|desktop&#8221; admin_label=&#8221;Stugor \u00d6land&#8221; _builder_version=&#8221;4.27.6&#8243; _module_preset=&#8221;default&#8221; background_color=&#8221;#F2F2F2&#8243; custom_padding=&#8221;||43px||false|false&#8221; custom_padding_tablet=&#8221;||115px||false|false&#8221; custom_padding_phone=&#8221;||15px||false|false&#8221; global_module=&#8221;2266&#8243; saved_tabs=&#8221;all&#8221; global_colors_info=&#8221;{}&#8221;][et_pb_row use_custom_gutter=&#8221;on&#8221; gutter_width=&#8221;2&#8243; make_equal=&#8221;on&#8221; _builder_version=&#8221;4.27.6&#8243; _module_preset=&#8221;default&#8221; width=&#8221;90%&#8221; width_tablet=&#8221;90%&#8221; width_phone=&#8221;96%&#8221; width_last_edited=&#8221;on|phone&#8221; max_width=&#8221;90%&#8221; max_width_tablet=&#8221;90%&#8221; max_width_phone=&#8221;96%&#8221; max_width_last_edited=&#8221;on|phone&#8221; custom_margin=&#8221;0px||0px||true|false&#8221; custom_padding=&#8221;0px||0px||true|false&#8221; animation_style=&#8221;fade&#8221; global_colors_info=&#8221;{}&#8221;][et_pb_column type=&#8221;4_4&#8243; _builder_version=&#8221;4.27.6&#8243; _module_preset=&#8221;default&#8221; animation_style=&#8221;fade&#8221; animation_direction=&#8221;bottom&#8221; border_color_all=&#8221;RGBA(255,255,255,0)&#8221; border_style_all=&#8221;none&#8221; global_colors_info=&#8221;{}&#8221;][et_pb_text _builder_version=&#8221;4.27.6&#8243; _module_preset=&#8221;default&#8221; text_font=&#8221;|600|||||||&#8221; text_text_color=&#8221;#000000&#8243; text_font_size=&#8221;1.8rem&#8221; text_line_height=&#8221;1.4em&#8221; header_font=&#8221;|600|||||||&#8221; header_text_color=&#8221;#FFFFFF&#8221; header_font_size=&#8221;2rem&#8221; header_line_height=&#8221;1.2em&#8221; custom_margin=&#8221;||0px||false|false&#8221; custom_padding=&#8221;||0px||false|false&#8221; text_font_size_tablet=&#8221;2rem&#8221; text_font_size_phone=&#8221;1.4rem&#8221; text_font_size_last_edited=&#8221;on|phone&#8221; header_font_size_tablet=&#8221;2rem&#8221; header_font_size_phone=&#8221;1.3rem&#8221; header_font_size_last_edited=&#8221;on|desktop&#8221; border_color_all=&#8221;RGBA(255,255,255,0)&#8221; border_style_all=&#8221;none&#8221; locked=&#8221;off&#8221; global_colors_info=&#8221;{}&#8221;]Hitta din perfekta stuga [\/et_pb_text][\/et_pb_column][\/et_pb_row][et_pb_row column_structure=&#8221;1_5,1_5,1_5,1_5,1_5&#8243; use_custom_gutter=&#8221;on&#8221; gutter_width=&#8221;2&#8243; make_equal=&#8221;on&#8221; _builder_version=&#8221;4.27.6&#8243; _module_preset=&#8221;default&#8221; width=&#8221;90%&#8221; width_tablet=&#8221;90%&#8221; width_phone=&#8221;96%&#8221; width_last_edited=&#8221;on|phone&#8221; max_width=&#8221;90%&#8221; max_width_tablet=&#8221;90%&#8221; max_width_phone=&#8221;96%&#8221; max_width_last_edited=&#8221;on|phone&#8221; custom_padding=&#8221;0px||||false|false&#8221; animation_style=&#8221;fade&#8221; border_radii=&#8221;on|0px|0px|0px|0px&#8221; global_colors_info=&#8221;{}&#8221;][et_pb_column type=&#8221;1_5&#8243; _builder_version=&#8221;4.27.6&#8243; _module_preset=&#8221;default&#8221; animation_style=&#8221;fade&#8221; animation_direction=&#8221;bottom&#8221; border_color_all=&#8221;RGBA(255,255,255,0)&#8221; border_style_all=&#8221;none&#8221; global_colors_info=&#8221;{}&#8221;][et_pb_blurb title=&#8221;Strandstugan \u2013 5 b\u00e4ddar&#8221; url=&#8221;https:\/\/stenasa.com\/stugor-oland\/strandstugan-5-baddar\/&#8221; image=&#8221;https:\/\/stenasa.com\/wp-content\/uploads\/2026\/04\/5-baddar-cta.jpg&#8221; _builder_version=&#8221;4.27.6&#8243; _module_preset=&#8221;default&#8221; header_level=&#8221;h2&#8243; header_font=&#8221;|600|||||||&#8221; header_font_size=&#8221;1rem&#8221; body_font_size=&#8221;1rem&#8221; custom_margin=&#8221;||22px||false|false&#8221; border_radii_image=&#8221;on|8px|8px|8px|8px&#8221; global_colors_info=&#8221;{}&#8221;]Exklusivt l\u00e4ge vid stranden med havsutsikt. Stugan har sovrum, sovloft och allrum med b\u00e4ddsoffa. Fullutrustat k\u00f6k, TV, fiber, kaklat badrum och golvv\u00e4rme.[\/et_pb_blurb][et_pb_code _builder_version=&#8221;4.27.6&#8243; _module_preset=&#8221;default&#8221; global_colors_info=&#8221;{}&#8221;]<a href=\"https:\/\/stenasa.com\/stugor-oland\/strandstugan-5-baddar\/\" class=\"cta-link-dark\"><!-- [et_pb_line_break_holder] -->L\u00e4s mer &#038; boka<span>\u203a<\/span><!-- [et_pb_line_break_holder] --><\/a>[\/et_pb_code][\/et_pb_column][et_pb_column type=&#8221;1_5&#8243; _builder_version=&#8221;4.27.6&#8243; _module_preset=&#8221;default&#8221; animation_style=&#8221;fade&#8221; animation_direction=&#8221;bottom&#8221; border_color_all=&#8221;RGBA(255,255,255,0)&#8221; border_style_all=&#8221;none&#8221; global_colors_info=&#8221;{}&#8221;][et_pb_blurb title=&#8221;Modern stuga \u2013 2 b\u00e4ddar&#8221; url=&#8221;https:\/\/stenasa.com\/stugor-oland\/modern-stuga-2-baddar\/&#8221; image=&#8221;https:\/\/stenasa.com\/wp-content\/uploads\/2026\/04\/2-baddar-cta.jpg&#8221; _builder_version=&#8221;4.27.6&#8243; _module_preset=&#8221;default&#8221; header_level=&#8221;h2&#8243; header_font=&#8221;|600|||||||&#8221; header_font_size=&#8221;1rem&#8221; body_font_size=&#8221;1rem&#8221; custom_margin=&#8221;||22px||false|false&#8221; border_radii_image=&#8221;on|8px|8px|8px|8px&#8221; global_colors_info=&#8221;{}&#8221;]Moderna 2-b\u00e4ddstugor p\u00e5 25 m\u00b2 med fullt utrustat k\u00f6k, allrum, WC, dusch, fiber, m\u00f6blerad veranda. T\u00e4cken finns, egna lakan tas med. Hund till\u00e5ten i vissa stugor. [\/et_pb_blurb][et_pb_code _builder_version=&#8221;4.27.6&#8243; _module_preset=&#8221;default&#8221; global_colors_info=&#8221;{}&#8221;]<a href=\"https:\/\/stenasa.com\/stugor-oland\/modern-stuga-2-baddar\/\" class=\"cta-link-dark\"><!-- [et_pb_line_break_holder] -->L\u00e4s mer &#038; boka<span>\u203a<\/span><!-- [et_pb_line_break_holder] --><\/a>[\/et_pb_code][\/et_pb_column][et_pb_column type=&#8221;1_5&#8243; _builder_version=&#8221;4.27.6&#8243; _module_preset=&#8221;default&#8221; animation_style=&#8221;fade&#8221; border_color_all=&#8221;RGBA(255,255,255,0)&#8221; border_style_all=&#8221;none&#8221; global_colors_info=&#8221;{}&#8221;][et_pb_blurb title=&#8221;Familjestuga \u2013 4 b\u00e4ddar&#8221; url=&#8221;https:\/\/stenasa.com\/stugor-oland\/familjestuga-4-baddar\/&#8221; image=&#8221;https:\/\/stenasa.com\/wp-content\/uploads\/2026\/04\/4-baddar-cta.jpg&#8221; _builder_version=&#8221;4.27.6&#8243; _module_preset=&#8221;default&#8221; header_level=&#8221;h2&#8243; header_font=&#8221;|600|||||||&#8221; header_font_size=&#8221;1rem&#8221; body_font_size=&#8221;1rem&#8221; custom_margin=&#8221;||22px||false|false&#8221; border_radii_image=&#8221;on|8px|8px|8px|8px&#8221; global_colors_info=&#8221;{}&#8221;]Rymlig familjestuga 24 m\u00b2 f\u00f6r fyra med k\u00f6k\/vardagsrum, WC, dusch, tv\u00e5 sovrum, m\u00f6blerad veranda. T\u00e4cken ing\u00e5r, egna lakan tas med. Hund till\u00e5ten i vissa stugor.[\/et_pb_blurb][et_pb_code _builder_version=&#8221;4.27.6&#8243; _module_preset=&#8221;default&#8221; global_colors_info=&#8221;{}&#8221;]<a href=\"https:\/\/stenasa.com\/stugor-oland\/familjestuga-4-baddar\/\" class=\"cta-link-dark\"><!-- [et_pb_line_break_holder] -->L\u00e4s mer &#038; boka<span>\u203a<\/span><!-- [et_pb_line_break_holder] --><\/a>[\/et_pb_code][\/et_pb_column][et_pb_column type=&#8221;1_5&#8243; _builder_version=&#8221;4.27.6&#8243; _module_preset=&#8221;default&#8221; animation_style=&#8221;fade&#8221; border_color_all=&#8221;RGBA(255,255,255,0)&#8221; border_style_all=&#8221;none&#8221; global_colors_info=&#8221;{}&#8221;][et_pb_blurb title=&#8221;Parstuga \u2013 4 b\u00e4ddar&#8221; url=&#8221;https:\/\/stenasa.com\/stugor-oland\/parstuga-4-baddar\/&#8221; image=&#8221;https:\/\/stenasa.com\/wp-content\/uploads\/2026\/04\/4-baddar-Parstugor-cta.jpg&#8221; _builder_version=&#8221;4.27.6&#8243; _module_preset=&#8221;default&#8221; header_level=&#8221;h2&#8243; header_font=&#8221;|600|||||||&#8221; header_font_size=&#8221;1rem&#8221; body_font_size=&#8221;1rem&#8221; custom_margin=&#8221;||22px||false|false&#8221; border_radii_image=&#8221;on|8px|8px|8px|8px&#8221; global_colors_info=&#8221;{}&#8221;]Trivsam parstuga p\u00e5 21 m\u00b2 i delad byggnad, helt avskild enhet med k\u00f6k\/allrum, WC, dusch, sovrum, golvv\u00e4rme och m\u00f6blerad veranda. T\u00e4cken ing\u00e5r, lakan tas med, hund till\u00e5ten i vissa stugor.[\/et_pb_blurb][et_pb_code _builder_version=&#8221;4.27.6&#8243; _module_preset=&#8221;default&#8221; global_colors_info=&#8221;{}&#8221;]<a href=\"https:\/\/stenasa.com\/stugor-oland\/parstuga-4-baddar\/\" class=\"cta-link-dark\"><!-- [et_pb_line_break_holder] -->L\u00e4s mer &#038; boka<span>\u203a<\/span><!-- [et_pb_line_break_holder] --><\/a>[\/et_pb_code][\/et_pb_column][et_pb_column type=&#8221;1_5&#8243; _builder_version=&#8221;4.27.6&#8243; _module_preset=&#8221;default&#8221; animation_style=&#8221;fade&#8221; border_color_all=&#8221;RGBA(255,255,255,0)&#8221; border_style_all=&#8221;none&#8221; global_colors_info=&#8221;{}&#8221;][et_pb_blurb title=&#8221;Campingstuga \u2013 4 b\u00e4ddar&#8221; url=&#8221;https:\/\/stenasa.com\/stugor-oland\/campingstuga-4-baddar\/&#8221; image=&#8221;https:\/\/stenasa.com\/wp-content\/uploads\/2026\/04\/Campingstuga-4-baddar-cta.jpg&#8221; _builder_version=&#8221;4.27.6&#8243; _module_preset=&#8221;default&#8221; header_level=&#8221;h2&#8243; header_font=&#8221;|600|||||||&#8221; header_font_size=&#8221;1rem&#8221; body_font_size=&#8221;1rem&#8221; custom_margin=&#8221;||22px||false|false&#8221; border_radii_image=&#8221;on|8px|8px|8px|8px&#8221; global_colors_info=&#8221;{}&#8221;]Enkel campingstuga 18 m\u00b2 med fyra b\u00e4ddar, k\u00f6ksutrustning, TV och matbord. WC och dusch i servicehus. T\u00e4cken ing\u00e5r, egna lakan. Hund v\u00e4lkommen, max tv\u00e5.[\/et_pb_blurb][et_pb_code _builder_version=&#8221;4.27.6&#8243; _module_preset=&#8221;default&#8221; global_colors_info=&#8221;{}&#8221;]<a href=\"https:\/\/stenasa.com\/stugor-oland\/campingstuga-4-baddar\/\" class=\"cta-link-dark\"><!-- [et_pb_line_break_holder] -->L\u00e4s mer &#038; boka<span>\u203a<\/span><!-- [et_pb_line_break_holder] --><\/a>[\/et_pb_code][\/et_pb_column][\/et_pb_row][\/et_pb_section][et_pb_section fb_built=&#8221;1&#8243; custom_padding_last_edited=&#8221;on|phone&#8221; _builder_version=&#8221;4.27.6&#8243; _module_preset=&#8221;default&#8221; background_color=&#8221;#FFFFFF&#8221; custom_margin_phone=&#8221;||||false|false&#8221; custom_margin_last_edited=&#8221;off|phone&#8221; custom_padding=&#8221;34px|||||&#8221; custom_padding_tablet=&#8221;&#8221; custom_padding_phone=&#8221;0px||||false|false&#8221; top_divider_height=&#8221;0px&#8221; top_divider_flip=&#8221;vertical&#8221; global_colors_info=&#8221;{}&#8221;][et_pb_row column_structure=&#8221;2_3,1_3&#8243; _builder_version=&#8221;4.27.6&#8243; _module_preset=&#8221;default&#8221; width=&#8221;90%&#8221; width_tablet=&#8221;90%&#8221; width_phone=&#8221;96%&#8221; width_last_edited=&#8221;on|phone&#8221; max_width=&#8221;90%&#8221; max_width_tablet=&#8221;90%&#8221; max_width_phone=&#8221;96%&#8221; max_width_last_edited=&#8221;on|desktop&#8221; global_colors_info=&#8221;{}&#8221;][et_pb_column type=&#8221;2_3&#8243; _builder_version=&#8221;4.27.6&#8243; _module_preset=&#8221;default&#8221; global_colors_info=&#8221;{}&#8221;][et_pb_text _builder_version=&#8221;4.27.6&#8243; _module_preset=&#8221;default&#8221; text_font=&#8221;|600|||||||&#8221; text_text_color=&#8221;#000000&#8243; text_font_size=&#8221;1.8rem&#8221; text_line_height=&#8221;1.4em&#8221; header_font=&#8221;|600|||||||&#8221; header_text_color=&#8221;#FFFFFF&#8221; header_font_size=&#8221;2rem&#8221; header_line_height=&#8221;1.2em&#8221; custom_margin=&#8221;||0px||false|false&#8221; custom_padding=&#8221;||0px||false|false&#8221; text_font_size_tablet=&#8221;2rem&#8221; text_font_size_phone=&#8221;1.4rem&#8221; text_font_size_last_edited=&#8221;on|phone&#8221; header_font_size_tablet=&#8221;2rem&#8221; header_font_size_phone=&#8221;1.3rem&#8221; header_font_size_last_edited=&#8221;on|desktop&#8221; border_color_all=&#8221;RGBA(255,255,255,0)&#8221; border_style_all=&#8221;none&#8221; global_colors_info=&#8221;{}&#8221;]<\/p>\n<p>Bokningsvillkor och ordningsregler<\/p>\n<p>[\/et_pb_text][et_pb_text _builder_version=&#8221;4.27.6&#8243; _module_preset=&#8221;default&#8221; text_text_color=&#8221;#000000&#8243; text_font_size=&#8221;1rem&#8221; text_line_height=&#8221;1.8em&#8221; custom_margin=&#8221;15px||23px||false|false&#8221; global_colors_info=&#8221;{}&#8221;]F\u00f6r att boka\/ing\u00e5 avtal med oss m\u00e5ste du vara 20 \u00e5r. Vid gruppbokning ska minst tv\u00e5 personer vara fyllda 20 \u00e5r, om ingen h\u00f6gre \u00e5ldersgr\u00e4ns anges i samband med bokningen. Ensam f\u00f6r\u00e4lder som bor med flera barn \u00e4r dock undantagen fr\u00e5n detta krav.<\/p>\n<p>Under midsommarhelgen har vi \u00e5ldersgr\u00e4ns 23 \u00e5r f\u00f6r samtliga i s\u00e4llskapet, g\u00e4ller ej barnfamiljer.<\/p>\n<p>Angivna priser f\u00f6r campingtomten avser en(1) boende-enhet (t\u00e4lt\/husvagn\/husbil) inkl. max fyra(4) personer, vuxna\/barn. F\u00f6r \u00f6verstigande antal personer tillkommer en kostnad. <\/p>\n<p>Max en personbil per t\u00e4lt\/husvagn. Tillkommande bilar parkeras ute p\u00e5 v\u00e5r bes\u00f6ksparkering.<\/p>\n<p>Via kort har du tillg\u00e5ng till servicehus med toaletter, dusch &#038; k\u00f6k samt till t\u00f6mning av gr\u00e5vatten och toakassett. Kostnad f\u00f6r duschen \u00e4r 10 kr \/ 3 min.<\/p>\n<p>Tv\u00e4ttmaskin och torktumlare finns att hyra.<\/p>\n<p>Det rekommenderade brandskyddsavst\u00e5ndet \u00e4r 4 m mellan boende-enheterna \u00e5t alla h\u00e5ll.[\/et_pb_text][\/et_pb_column][et_pb_column type=&#8221;1_3&#8243; _builder_version=&#8221;4.27.6&#8243; _module_preset=&#8221;default&#8221; global_colors_info=&#8221;{}&#8221;][et_pb_blurb title=&#8221;S\u00e4songsplatser&#8221; image_icon_background_color=&#8221;RGBA(255,255,255,0)&#8221; content_max_width=&#8221;100%&#8221; _builder_version=&#8221;4.27.6&#8243; _module_preset=&#8221;default&#8221; header_font=&#8221;|600|||||||&#8221; header_font_size=&#8221;1.8rem&#8221; body_line_height=&#8221;1.4em&#8221; background_color=&#8221;#F2F2F2&#8243; custom_margin=&#8221;||||false|false&#8221; custom_margin_phone=&#8221;1vh||||false|false&#8221; custom_margin_last_edited=&#8221;off|desktop&#8221; custom_padding=&#8221;50px|50px|50px|50px|true|false&#8221; custom_padding_tablet=&#8221;50px|50px|50px|50px|true|false&#8221; custom_padding_phone=&#8221;50px|25px|50px|25px|true|true&#8221; custom_padding_last_edited=&#8221;on|phone&#8221; animation_style=&#8221;slide&#8221; animation_direction=&#8221;bottom&#8221; border_radii=&#8221;on|8px|8px|8px|8px&#8221; border_style_all=&#8221;none&#8221; global_colors_info=&#8221;{}&#8221;]<\/p>\n<p>S\u00e4songsplats exkl el:<br \/>10\/4 \u2013 27\/9 <strong>12.700 kr<\/strong><\/p>\n<p>S\u00e4songsplats, v\u00e5r, exkl. el:<br \/>10\/4 \u2013 7\/6 <strong>3.700 kr<\/strong><\/p>\n<p>S\u00e4songsplats, h\u00f6st, exkl. el:<br \/>14\/8 \u2013 18\/10 <strong>3.700 kr<\/strong><\/p>\n<p>Separat avtal och avbokningsvillkor g\u00e4ller f\u00f6r v\u00e5ra s\u00e4songsplatser. P\u00e5 v\u00e5ra s\u00e4songplatser debiterar vi g\u00e4stens el-f\u00f6rbrukning. <strong>3,00 kr per kWh<\/strong><\/p>\n<p><em>Vi reserverar oss f\u00f6r eventuella pris\u00e4ndringar, tryckfel och \u00e4ndringar som till dagens datum \u00e4nnu inte \u00e4r k\u00e4nda.<\/em><\/p>\n<p>[\/et_pb_blurb][\/et_pb_column][\/et_pb_row][et_pb_row column_structure=&#8221;2_5,3_5&#8243; use_custom_gutter=&#8221;on&#8221; gutter_width=&#8221;2&#8243; module_id=&#8221;faq&#8221; _builder_version=&#8221;4.27.6&#8243; _module_preset=&#8221;default&#8221; width=&#8221;90%&#8221; width_tablet=&#8221;90%&#8221; width_phone=&#8221;96%&#8221; width_last_edited=&#8221;on|phone&#8221; max_width=&#8221;90%&#8221; max_width_tablet=&#8221;90%&#8221; max_width_phone=&#8221;96%&#8221; max_width_last_edited=&#8221;on|phone&#8221; animation_style=&#8221;fade&#8221; global_module=&#8221;2892&#8243; saved_tabs=&#8221;all&#8221; global_colors_info=&#8221;{}&#8221;][et_pb_column type=&#8221;2_5&#8243; _builder_version=&#8221;4.27.6&#8243; _module_preset=&#8221;default&#8221; background_color=&#8221;#0A0A0A&#8221; custom_padding=&#8221;7vh||7vh|5vh|true|false&#8221; custom_padding_tablet=&#8221;7vh||7vh|5vh|true|false&#8221; custom_padding_phone=&#8221;7vh|3vh|7vh|3vh|true|true&#8221; custom_padding_last_edited=&#8221;on|phone&#8221; border_radii=&#8221;on|10px|10px|10px|10px&#8221; global_colors_info=&#8221;{}&#8221;][et_pb_text _builder_version=&#8221;4.27.6&#8243; _module_preset=&#8221;default&#8221; text_font=&#8221;|600|||||||&#8221; text_text_color=&#8221;#FFFFFF&#8221; text_font_size=&#8221;2rem&#8221; text_line_height=&#8221;1.4em&#8221; header_font=&#8221;|600|||||||&#8221; header_text_color=&#8221;#FFFFFF&#8221; header_font_size=&#8221;2rem&#8221; header_line_height=&#8221;1.2em&#8221; custom_margin=&#8221;||||false|false&#8221; custom_padding=&#8221;||||false|false&#8221; header_font_size_tablet=&#8221;2rem&#8221; header_font_size_phone=&#8221;1.3rem&#8221; header_font_size_last_edited=&#8221;on|desktop&#8221; border_color_all=&#8221;RGBA(255,255,255,0)&#8221; border_style_all=&#8221;none&#8221; locked=&#8221;off&#8221; global_colors_info=&#8221;{}&#8221;]<\/p>\n<p>Vanliga fr\u00e5gor<\/p>\n<p>[\/et_pb_text][et_pb_text _builder_version=&#8221;4.27.6&#8243; _module_preset=&#8221;default&#8221; text_text_color=&#8221;#FFFFFF&#8221; global_colors_info=&#8221;{}&#8221;]<\/p>\n<p><strong>Hittar du inte svaret du s\u00f6ker?<\/strong><\/p>\n<p>H\u00f6r g\u00e4rna av dig till oss, vi hj\u00e4lper dig g\u00e4rna.<\/p>\n<p><span style=\"color: #ffffff;\"><a href=\"mailto:info@stenasa.com\" style=\"color: #ffffff;\">info@stenasa.com<\/a><\/span><br \/><span style=\"color: #ffffff;\"><a href=\"tel:+4648544078\" style=\"color: #ffffff;\">+46 485 440 78<\/a><\/span><\/p>\n<p>[\/et_pb_text][et_pb_code _builder_version=&#8221;4.27.6&#8243; _module_preset=&#8221;default&#8221; custom_padding=&#8221;28px|||||&#8221; global_colors_info=&#8221;{}&#8221;]<a href=\".\/kontakt\" class=\"cta-link-light\"><!-- [et_pb_line_break_holder] -->  Kontakt <span>\u203a<\/span><!-- [et_pb_line_break_holder] --><\/a>[\/et_pb_code][\/et_pb_column][et_pb_column type=&#8221;3_5&#8243; _builder_version=&#8221;4.27.6&#8243; _module_preset=&#8221;default&#8221; global_colors_info=&#8221;{}&#8221;][et_pb_code _builder_version=&#8221;4.27.6&#8243; _module_preset=&#8221;default&#8221; global_colors_info=&#8221;{}&#8221;]<\/p>\n<div class=\"custom-faq-container\"><!-- [et_pb_line_break_holder] --><!-- [et_pb_line_break_holder] -->  <\/p>\n<details class=\"faq-item\" open><!-- [et_pb_line_break_holder] -->    <\/p>\n<summary class=\"faq-question\">Vilka tider g\u00e4ller f\u00f6r in- &#038; utcheckning p\u00e5 campingen?<\/summary>\n<p><!-- [et_pb_line_break_holder] -->    <\/p>\n<div class=\"faq-answer\"><!-- [et_pb_line_break_holder] -->      <pee>Incheckning sker i receptionen mellan kl.12.00 \u2013 17.30. Under sommars\u00e4songen 15\/6 \u2013 9\/8 kan du checka in mellan kl. 12.00 \u2013 20.00. \u00d6vrig tid efter \u00f6verenskommelse!<\/pee><!-- [et_pb_line_break_holder] -->      <pee>Utcheckning sker p\u00e5 avresedagen senast kl. 12.00. Nytt dygn f\u00f6r camping fr\u00e5n och med kl. 12.00.<\/pee><!-- [et_pb_line_break_holder] -->    <\/div>\n<p><!-- [et_pb_line_break_holder] -->  <\/details>\n<p><!-- [et_pb_line_break_holder] --><!-- [et_pb_line_break_holder] -->  <\/p>\n<details class=\"faq-item\"><!-- [et_pb_line_break_holder] -->    <\/p>\n<summary class=\"faq-question\">Hur ser era platser ut?<\/summary>\n<p><!-- [et_pb_line_break_holder] -->    <\/p>\n<div class=\"faq-answer\"><!-- [et_pb_line_break_holder] -->      <pee>Alla v\u00e5ra platser har sin karakt\u00e4r och utformning. Storleken p\u00e5 platserna \u00e4r mellan 80 \u2013 120 kvadratmeter. <a href=\"https:\/\/stenasa.com\/wp-content\/uploads\/2025\/12\/Stenasa_Karta_2026.pdf\" class=\"cta-link-dark\" target=\"_blank\" rel=\"noopener noreferrer\"><!-- [et_pb_line_break_holder] -->    V\u00e5r campingkarta hittar du h\u00e4r!<!-- [et_pb_line_break_holder] -->  <\/a><\/pee><!-- [et_pb_line_break_holder] -->    <\/div>\n<p><!-- [et_pb_line_break_holder] -->  <\/details>\n<p><!-- [et_pb_line_break_holder] --><!-- [et_pb_line_break_holder] -->  <\/p>\n<details class=\"faq-item\"><!-- [et_pb_line_break_holder] -->    <\/p>\n<summary class=\"faq-question\">Kan man boka speciell plats?<\/summary>\n<p><!-- [et_pb_line_break_holder] -->    <\/p>\n<div class=\"faq-answer\"><!-- [et_pb_line_break_holder] -->      <pee>N\u00e4r du bokar i v\u00e5r on-linebokning s\u00e5 tilldelas du automatiskt en plats. Har du \u00f6nskem\u00e5l om specifik plats eller omr\u00e5de s\u00e5 kan du ange detta i fritextf\u00e4ltet. Under f\u00f6ruts\u00e4ttning att platsen \u00e4r ledig och att storleken p\u00e5 din campingenhet till\u00e5ter det, tilldelas du ditt \u00f6nskem\u00e5l, detta ser du i bokningsbekr\u00e4ftelsen.<\/pee><!-- [et_pb_line_break_holder] -->    <\/div>\n<p><!-- [et_pb_line_break_holder] -->  <\/details>\n<p><!-- [et_pb_line_break_holder] --><!-- [et_pb_line_break_holder] -->  <\/p>\n<details class=\"faq-item\"><!-- [et_pb_line_break_holder] -->    <\/p>\n<summary class=\"faq-question\">Finns det n\u00e5gon karta \u00f6ver era platser?<\/summary>\n<p><!-- [et_pb_line_break_holder] -->    <\/p>\n<div class=\"faq-answer\"><!-- [et_pb_line_break_holder] -->      <pee>V\u00e5r campingkarta hittar du h\u00e4r <a href=\"https:\/\/stenasa.com\/wp-content\/uploads\/2025\/12\/Stenasa_Karta_2026.pdf\" class=\"cta-link-dark\" target=\"_blank\">h\u00e4r<\/a>.<\/pee><!-- [et_pb_line_break_holder] --><pee>Bes\u00f6k v\u00e5r camping fr\u00e5n luften <a href=\"https:\/\/goo.gl\/maps\/5k6WZo2QkscedciJA\" class=\"cta-link-dark\" target=\"_blank\">h\u00e4r<\/a>.<\/pee><!-- [et_pb_line_break_holder] -->    <\/div>\n<p><!-- [et_pb_line_break_holder] -->  <\/details>\n<p><!-- [et_pb_line_break_holder] --><!-- [et_pb_line_break_holder] -->  <\/p>\n<details class=\"faq-item\"><!-- [et_pb_line_break_holder] -->    <\/p>\n<summary class=\"faq-question\">F\u00e5r man st\u00e5 med t\u00e4lt\/husvagn\/husbil p\u00e5 alla platser?<\/summary>\n<p><!-- [et_pb_line_break_holder] -->    <\/p>\n<div class=\"faq-answer\"><!-- [et_pb_line_break_holder] -->      <pee>Platserna p\u00e5 omr\u00e5dena \u201dLugnet\u201d, \u201dPlinten\u201d, \u201dFramtiden\u201d och \u201dStranden\u201d \u00e4r el-platser d\u00e4r det \u00e4r till\u00e5tet att st\u00e5 med t\u00e4lt, husvagn eller husbil. Eftersom alla platser har sin utformning och karakt\u00e4r, s\u00e5 kan det finnas viss begr\u00e4nsning p\u00e5 var man kan st\u00e5 beroende p\u00e5 storleken p\u00e5 er campingenhet.<\/pee><!-- [et_pb_line_break_holder] -->      <pee>Omr\u00e5dena \u201dDungen\u201d och \u201dN\u00e4rheten\u201d \u00e4r i f\u00f6rsta hand avsedda f\u00f6r t\u00e4lt och mindre husvagnar, max 4 meter. Det finns p\u00e5 dessa omr\u00e5den m\u00f6jlighet att st\u00e5 \u00e4ven p\u00e5 el-plats.<\/pee><!-- [et_pb_line_break_holder] -->      <pee>P\u00e5 t\u00e4lt-omr\u00e5det \u00f6sterut l\u00e4ngs med strandlinjen \u00e4r det endast till\u00e5tet att st\u00e5 med t\u00e4lt. P\u00e5 detta omr\u00e5de \u00e4r det fri placering och inga uppm\u00e4rkta platser. Det \u00e4r inte till\u00e5tet att k\u00f6ra ner p\u00e5 detta omr\u00e5de med bil.<\/pee><!-- [et_pb_line_break_holder] -->      <pee>P\u00e5 omr\u00e5det \u201dAlvaret\u201d, l\u00e4ngst v\u00e4sterut, hittar ni v\u00e5ra husbilsplatser\/st\u00e4llplatser d\u00e4r endast husbilar \u00e4r till\u00e5tna. H\u00e4r finns ocks\u00e5 omarkerade platser utan el f\u00f6r t\u00e4lt, husvagn eller husbil.<\/pee><!-- [et_pb_line_break_holder] -->    <\/div>\n<p><!-- [et_pb_line_break_holder] -->  <\/details>\n<p><!-- [et_pb_line_break_holder] --><!-- [et_pb_line_break_holder] -->  <\/p>\n<details class=\"faq-item\"><!-- [et_pb_line_break_holder] -->    <\/p>\n<summary class=\"faq-question\">Har ni st\u00e4llplatser f\u00f6r husbil?<\/summary>\n<p><!-- [et_pb_line_break_holder] -->    <\/p>\n<div class=\"faq-answer\"><!-- [et_pb_line_break_holder] -->      <pee>P\u00e5 omr\u00e5det \u201dAlvaret\u201d, l\u00e4ngst v\u00e4sterut, hittar ni v\u00e5ra husbilsplatser\/st\u00e4llplatser d\u00e4r endast husbilar \u00e4r till\u00e5tna, backas in p\u00e5 platsen. Platserna kan ej f\u00f6rbokas och incheckning sker som \u00f6vrig camping i receptionen.<\/pee><!-- [et_pb_line_break_holder] -->    <\/div>\n<p><!-- [et_pb_line_break_holder] -->  <\/details>\n<p><!-- [et_pb_line_break_holder] --><!-- [et_pb_line_break_holder] -->  <\/p>\n<details class=\"faq-item\"><!-- [et_pb_line_break_holder] -->    <\/p>\n<summary class=\"faq-question\">F\u00e5r jag parkera min bil i anslutning till campingplatsen?<\/summary>\n<p><!-- [et_pb_line_break_holder] -->    <\/p>\n<div class=\"faq-answer\"><!-- [et_pb_line_break_holder] -->      <pee>Om du kommer med t\u00e4lt eller husvagn f\u00e5r du ha en (1) personbil i anslutning till campingplatsen. Tillkommande bilar parkeras ute p\u00e5 v\u00e5r bes\u00f6ksparkering.<\/pee><!-- [et_pb_line_break_holder] -->      <pee>P\u00e5 t\u00e4ltomr\u00e5det \u00f6sterut l\u00e4ngs med strandlinjen \u00e4r det inte till\u00e5tet att ha bilen i direkt anslutning till sin plats. Anvisad parkeringsplats meddelas i samband med incheckning.<\/pee><!-- [et_pb_line_break_holder] -->    <\/div>\n<p><!-- [et_pb_line_break_holder] -->  <\/details>\n<p><!-- [et_pb_line_break_holder] --><!-- [et_pb_line_break_holder] -->  <\/p>\n<details class=\"faq-item\"><!-- [et_pb_line_break_holder] -->    <\/p>\n<summary class=\"faq-question\">Hur f\u00e5r jag st\u00e4lla min husvagn eller husbil p\u00e5 platsen?<\/summary>\n<p><!-- [et_pb_line_break_holder] -->    <\/p>\n<div class=\"faq-answer\"><!-- [et_pb_line_break_holder] -->      <pee>Uppst\u00e4llning p\u00e5 platsen g\u00f6rs i enlighet med angivna instruktioner i samband med incheckning. Generellt g\u00e4ller f\u00f6r husvagnar att dessa ska st\u00e5 med draget ut\u00e5t p\u00e5 platserna. Du ska \u00e4ven h\u00e5lla ett brandskyddsavst\u00e5nd om minst fyra meter till dina grannar.<\/pee><!-- [et_pb_line_break_holder] -->    <\/div>\n<p><!-- [et_pb_line_break_holder] -->  <\/details>\n<p><!-- [et_pb_line_break_holder] --><!-- [et_pb_line_break_holder] -->  <\/p>\n<details class=\"faq-item\"><!-- [et_pb_line_break_holder] -->    <\/p>\n<summary class=\"faq-question\">Hur m\u00e5nga boende-enheter (t\u00e4lt\/husvagn\/husbil) f\u00e5r jag ha p\u00e5 min plats?<\/summary>\n<p><!-- [et_pb_line_break_holder] -->    <\/p>\n<div class=\"faq-answer\"><!-- [et_pb_line_break_holder] -->      <pee>P\u00e5 campingtomten f\u00e5r du placera max en (1) husvagn med tillh\u00f6rande f\u00f6rt\u00e4lt eller en (1) husbil alternativt max ett (1) t\u00e4lt.<\/pee><!-- [et_pb_line_break_holder] -->    <\/div>\n<p><!-- [et_pb_line_break_holder] -->  <\/details>\n<p><!-- [et_pb_line_break_holder] --><!-- [et_pb_line_break_holder] -->  <\/p>\n<details class=\"faq-item\"><!-- [et_pb_line_break_holder] -->    <\/p>\n<summary class=\"faq-question\">Hur m\u00e5nga personer ing\u00e5r i priset f\u00f6r platsen?<\/summary>\n<p><!-- [et_pb_line_break_holder] -->    <\/p>\n<div class=\"faq-answer\"><!-- [et_pb_line_break_holder] -->      <pee>Max fyra (4) personer (vuxna\/barn) ing\u00e5r i campingpriset. Vid extra person tillkommer kostnad enligt g\u00e4llande prislista per person och dygn.<\/pee><!-- [et_pb_line_break_holder] -->    <\/div>\n<p><!-- [et_pb_line_break_holder] -->  <\/details>\n<p><!-- [et_pb_line_break_holder] --><!-- [et_pb_line_break_holder] -->  <\/p>\n<details class=\"faq-item\"><!-- [et_pb_line_break_holder] -->    <\/p>\n<summary class=\"faq-question\">Vad kostar det att duscha?<\/summary>\n<p><!-- [et_pb_line_break_holder] -->    <\/p>\n<div class=\"faq-answer\"><!-- [et_pb_line_break_holder] -->      <pee>Det kostar 10 kr per 3 minuter. Du laddar ditt kort med duschpengar i receptionen. Duschtiden g\u00e5r att pausa. \u00d6land har stor brist p\u00e5 vatten, t\u00e4nk p\u00e5 att inte nyttja mer vatten \u00e4n n\u00f6dv\u00e4ndigt. Tack f\u00f6r att du hj\u00e4lper oss att spara vatten!<\/pee><!-- [et_pb_line_break_holder] -->    <\/div>\n<p><!-- [et_pb_line_break_holder] -->  <\/details>\n<p><!-- [et_pb_line_break_holder] --><!-- [et_pb_line_break_holder] -->  <\/p>\n<details class=\"faq-item\"><!-- [et_pb_line_break_holder] -->    <\/p>\n<summary class=\"faq-question\">Vilken typ av el-uttag anv\u00e4nder ni p\u00e5 el-platsen?<\/summary>\n<p><!-- [et_pb_line_break_holder] -->    <\/p>\n<div class=\"faq-answer\"><!-- [et_pb_line_break_holder] -->      <pee>V\u00e5ra el-platser \u00e4r utrustade med eluttag 10 A med EU\/CEE-216 koppling som \u00e4r elektrisk standard i de flesta europeiska l\u00e4nder. En CEE-m\u00e4rkt adapterkabel med jordat uttag i ena \u00e4nden och bl\u00e5tt kontaktdon i den andra kr\u00e4vs f\u00f6r korrekt anslutning. Adapterkabel finns att k\u00f6pa i receptionen.<\/pee><!-- [et_pb_line_break_holder] -->    <\/div>\n<p><!-- [et_pb_line_break_holder] -->  <\/details>\n<p><!-- [et_pb_line_break_holder] --><!-- [et_pb_line_break_holder] -->  <\/p>\n<details class=\"faq-item\"><!-- [et_pb_line_break_holder] -->    <\/p>\n<summary class=\"faq-question\">Var kan jag ladda min elektriska utrustning om jag inte har en el-plats?<\/summary>\n<p><!-- [et_pb_line_break_holder] -->    <\/p>\n<div class=\"faq-answer\"><!-- [et_pb_line_break_holder] -->      <pee>Om du har bokat en campingtomt utan el och exempelvis beh\u00f6ver ladda din telefon, s\u00e5 finns det l\u00e5sbara ladd-sk\u00e5p att hyra per campingdygn. Du bokar dessa i receptionen. Observera att det inte finns n\u00e5gra el-uttag i v\u00e5ra servicehus d\u00e4r det \u00e4r till\u00e5tet att ladda egen elektrisk utrustning.<\/pee><!-- [et_pb_line_break_holder] -->    <\/div>\n<p><!-- [et_pb_line_break_holder] -->  <\/details>\n<p><!-- [et_pb_line_break_holder] --><!-- [et_pb_line_break_holder] -->  <\/p>\n<details class=\"faq-item\"><!-- [et_pb_line_break_holder] -->    <\/p>\n<summary class=\"faq-question\">Beh\u00f6ver jag Camping Key Europ\u00e9 (CKE) eller Camping-Id f\u00f6r att checka in hos er?<\/summary>\n<p><!-- [et_pb_line_break_holder] -->    <\/p>\n<div class=\"faq-answer\"><!-- [et_pb_line_break_holder] -->      <pee>Vi \u00e4r medlemmar i branschorganisationen Svensk Camping. N\u00e4r du campar hos oss beh\u00f6ver du d\u00e4rf\u00f6r det digitala kortet, Camping Key Europe (CKE) eller det kostnadsfria Camping-Id. Om du inte har detta s\u00e5 hj\u00e4lper vi dig att skaffa ett i samband med incheckning.<\/pee><!-- [et_pb_line_break_holder] -->    <\/div>\n<p><!-- [et_pb_line_break_holder] -->  <\/details>\n<p><!-- [et_pb_line_break_holder] --><!-- [et_pb_line_break_holder] -->  <\/p>\n<details class=\"faq-item\"><!-- [et_pb_line_break_holder] -->    <\/p>\n<summary class=\"faq-question\">Har ni s\u00e4songscamping?<\/summary>\n<p><!-- [et_pb_line_break_holder] -->    <\/p>\n<div class=\"faq-answer\"><!-- [et_pb_line_break_holder] -->      <pee>Ja, vi har ett antal platser reserverade f\u00f6r s\u00e4songscamping. Kontakta oss p\u00e5 telefon <a href=\"tel:004648544078\" class=\"cta-link-dark\">+46 485 440 78<\/a> eller via e-post <a href=\"mailto:info@stenasa.com\" class=\"cta-link-dark\">info@stenasa.com<\/a> f\u00f6r ytterligare information.<\/pee><!-- [et_pb_line_break_holder] -->    <\/div>\n<p><!-- [et_pb_line_break_holder] -->  <\/details>\n<p><!-- [et_pb_line_break_holder] --><!-- [et_pb_line_break_holder] --><\/div>\n<p>[\/et_pb_code][\/et_pb_column][\/et_pb_row][\/et_pb_section]<\/p>\n","protected":false},"excerpt":{"rendered":"<p>Camping p\u00e5 \u00d6landEn natursk\u00f6n camping mitt i v\u00e4rldsarvet p\u00e5 \u00d6land<span><span><a href=\"https:\/\/stenasa.com\/\">Hem<\/a><\/span><\/span>Camping \u00d6landP\u00e5 v\u00e5r camping p\u00e5 \u00d6land kan du st\u00e5 med t\u00e4lt, husvagn eller husbil och du kan v\u00e4lja att st\u00e5 med [&hellip;]<\/p>\n","protected":false},"author":1,"featured_media":0,"parent":0,"menu_order":0,"comment_status":"closed","ping_status":"closed","template":"","meta":{"_et_pb_use_builder":"on","_et_pb_old_content":"","_et_gb_content_width":"","footnotes":""},"class_list":["post-2206","page","type-page","status-publish","hentry"],"yoast_head":"<!-- This site is optimized with the Yoast SEO plugin v27.5 - https:\/\/yoast.com\/product\/yoast-seo-wordpress\/ -->\n<title>Camping \u00d6land - Camping, Stugor &amp; St\u00e4llplatser p\u00e5 \u00d6land - Sten\u00e5sa<\/title>\n<meta name=\"robots\" content=\"index, follow, max-snippet:-1, max-image-preview:large, max-video-preview:-1\" \/>\n<link rel=\"canonical\" href=\"https:\/\/stenasa.com\/de\/camping-auf-oland\/\" \/>\n<meta property=\"og:locale\" content=\"de_DE\" \/>\n<meta property=\"og:type\" content=\"article\" \/>\n<meta property=\"og:title\" content=\"Camping \u00d6land - Camping, Stugor &amp; St\u00e4llplatser p\u00e5 \u00d6land - Sten\u00e5sa\" \/>\n<meta property=\"og:description\" content=\"Camping p\u00e5 \u00d6landEn natursk\u00f6n camping mitt i v\u00e4rldsarvet p\u00e5 \u00d6landCamping \u00d6landP\u00e5 v\u00e5r camping p\u00e5 \u00d6land kan du st\u00e5 med t\u00e4lt, husvagn eller husbil och du kan v\u00e4lja att st\u00e5 med [&hellip;]\" \/>\n<meta property=\"og:url\" content=\"https:\/\/stenasa.com\/de\/camping-auf-oland\/\" \/>\n<meta property=\"og:site_name\" content=\"Camping, Stugor &amp; St\u00e4llplatser p\u00e5 \u00d6land - Sten\u00e5sa\" \/>\n<meta property=\"article:publisher\" content=\"https:\/\/www.facebook.com\/stenasa.stugor.camping\" \/>\n<meta property=\"article:modified_time\" content=\"2026-04-29T10:17:26+00:00\" \/>\n<meta name=\"twitter:card\" content=\"summary_large_image\" \/>\n<meta name=\"twitter:label1\" content=\"Gesch\u00e4tzte Lesezeit\" \/>\n\t<meta name=\"twitter:data1\" content=\"23\u00a0Minuten\" \/>\n<script type=\"application\/ld+json\" class=\"yoast-schema-graph\">{\"@context\":\"https:\\\/\\\/schema.org\",\"@graph\":[{\"@type\":\"WebPage\",\"@id\":\"https:\\\/\\\/stenasa.com\\\/camping-oland\\\/\",\"url\":\"https:\\\/\\\/stenasa.com\\\/camping-oland\\\/\",\"name\":\"Camping \u00d6land - Camping, Stugor &amp; St\u00e4llplatser p\u00e5 \u00d6land - Sten\u00e5sa\",\"isPartOf\":{\"@id\":\"https:\\\/\\\/stenasa.com\\\/#website\"},\"datePublished\":\"2026-04-02T09:28:22+00:00\",\"dateModified\":\"2026-04-29T10:17:26+00:00\",\"breadcrumb\":{\"@id\":\"https:\\\/\\\/stenasa.com\\\/camping-oland\\\/#breadcrumb\"},\"inLanguage\":\"de\",\"potentialAction\":[{\"@type\":\"ReadAction\",\"target\":[\"https:\\\/\\\/stenasa.com\\\/camping-oland\\\/\"]}]},{\"@type\":\"BreadcrumbList\",\"@id\":\"https:\\\/\\\/stenasa.com\\\/camping-oland\\\/#breadcrumb\",\"itemListElement\":[{\"@type\":\"ListItem\",\"position\":1,\"name\":\"Hem\",\"item\":\"https:\\\/\\\/stenasa.com\\\/\"},{\"@type\":\"ListItem\",\"position\":2,\"name\":\"Camping \u00d6land\"}]},{\"@type\":\"WebSite\",\"@id\":\"https:\\\/\\\/stenasa.com\\\/#website\",\"url\":\"https:\\\/\\\/stenasa.com\\\/\",\"name\":\"Camping, Stugor & St\u00e4llplatser p\u00e5 \u00d6land - Sten\u00e5sa\",\"description\":\"\",\"publisher\":{\"@id\":\"https:\\\/\\\/stenasa.com\\\/#organization\"},\"potentialAction\":[{\"@type\":\"SearchAction\",\"target\":{\"@type\":\"EntryPoint\",\"urlTemplate\":\"https:\\\/\\\/stenasa.com\\\/?s={search_term_string}\"},\"query-input\":{\"@type\":\"PropertyValueSpecification\",\"valueRequired\":true,\"valueName\":\"search_term_string\"}}],\"inLanguage\":\"de\"},{\"@type\":\"Organization\",\"@id\":\"https:\\\/\\\/stenasa.com\\\/#organization\",\"name\":\"Camping, Stugor & St\u00e4llplatser p\u00e5 \u00d6land - Sten\u00e5sa\",\"url\":\"https:\\\/\\\/stenasa.com\\\/\",\"logo\":{\"@type\":\"ImageObject\",\"inLanguage\":\"de\",\"@id\":\"https:\\\/\\\/stenasa.com\\\/#\\\/schema\\\/logo\\\/image\\\/\",\"url\":\"https:\\\/\\\/stenasa.com\\\/wp-content\\\/uploads\\\/2026\\\/03\\\/logo_svart.svg\",\"contentUrl\":\"https:\\\/\\\/stenasa.com\\\/wp-content\\\/uploads\\\/2026\\\/03\\\/logo_svart.svg\",\"width\":1,\"height\":1,\"caption\":\"Camping, Stugor & St\u00e4llplatser p\u00e5 \u00d6land - Sten\u00e5sa\"},\"image\":{\"@id\":\"https:\\\/\\\/stenasa.com\\\/#\\\/schema\\\/logo\\\/image\\\/\"},\"sameAs\":[\"https:\\\/\\\/www.facebook.com\\\/stenasa.stugor.camping\"]}]}<\/script>\n<!-- \/ Yoast SEO plugin. -->","yoast_head_json":{"title":"Camping \u00d6land - Camping, H\u00fctten &amp; echte Wohnmobilstellpl\u00e4tze auf \u00d6land - Sten\u00e5sa","robots":{"index":"index","follow":"follow","max-snippet":"max-snippet:-1","max-image-preview":"max-image-preview:large","max-video-preview":"max-video-preview:-1"},"canonical":"https:\/\/stenasa.com\/de\/camping-auf-oland\/","og_locale":"de_DE","og_type":"article","og_title":"Camping \u00d6land - Camping, Stugor &amp; St\u00e4llplatser p\u00e5 \u00d6land - Sten\u00e5sa","og_description":"Camping p\u00e5 \u00d6landEn natursk\u00f6n camping mitt i v\u00e4rldsarvet p\u00e5 \u00d6landCamping \u00d6landP\u00e5 v\u00e5r camping p\u00e5 \u00d6land kan du st\u00e5 med t\u00e4lt, husvagn eller husbil och du kan v\u00e4lja att st\u00e5 med [&hellip;]","og_url":"https:\/\/stenasa.com\/de\/camping-auf-oland\/","og_site_name":"Camping, Stugor &amp; St\u00e4llplatser p\u00e5 \u00d6land - Sten\u00e5sa","article_publisher":"https:\/\/www.facebook.com\/stenasa.stugor.camping","article_modified_time":"2026-04-29T10:17:26+00:00","twitter_card":"summary_large_image","twitter_misc":{"Gesch\u00e4tzte Lesezeit":"23\u00a0Minuten"},"schema":{"@context":"https:\/\/schema.org","@graph":[{"@type":"WebPage","@id":"https:\/\/stenasa.com\/camping-oland\/","url":"https:\/\/stenasa.com\/camping-oland\/","name":"Camping \u00d6land - Camping, H\u00fctten &amp; echte Wohnmobilstellpl\u00e4tze auf \u00d6land - Sten\u00e5sa","isPartOf":{"@id":"https:\/\/stenasa.com\/#website"},"datePublished":"2026-04-02T09:28:22+00:00","dateModified":"2026-04-29T10:17:26+00:00","breadcrumb":{"@id":"https:\/\/stenasa.com\/camping-oland\/#breadcrumb"},"inLanguage":"de","potentialAction":[{"@type":"ReadAction","target":["https:\/\/stenasa.com\/camping-oland\/"]}]},{"@type":"BreadcrumbList","@id":"https:\/\/stenasa.com\/camping-oland\/#breadcrumb","itemListElement":[{"@type":"ListItem","position":1,"name":"Hem","item":"https:\/\/stenasa.com\/"},{"@type":"ListItem","position":2,"name":"Camping \u00d6land"}]},{"@type":"WebSite","@id":"https:\/\/stenasa.com\/#website","url":"https:\/\/stenasa.com\/","name":"Camping, Ferienh\u00e4user &amp; Stellpl\u00e4tze auf \u00d6land - Sten\u00e5sa","description":"","publisher":{"@id":"https:\/\/stenasa.com\/#organization"},"potentialAction":[{"@type":"SearchAction","target":{"@type":"EntryPoint","urlTemplate":"https:\/\/stenasa.com\/?s={search_term_string}"},"query-input":{"@type":"PropertyValueSpecification","valueRequired":true,"valueName":"search_term_string"}}],"inLanguage":"de"},{"@type":"Organization","@id":"https:\/\/stenasa.com\/#organization","name":"Camping, Ferienh\u00e4user &amp; Stellpl\u00e4tze auf \u00d6land - Sten\u00e5sa","url":"https:\/\/stenasa.com\/","logo":{"@type":"ImageObject","inLanguage":"de","@id":"https:\/\/stenasa.com\/#\/schema\/logo\/image\/","url":"https:\/\/stenasa.com\/wp-content\/uploads\/2026\/03\/logo_svart.svg","contentUrl":"https:\/\/stenasa.com\/wp-content\/uploads\/2026\/03\/logo_svart.svg","width":1,"height":1,"caption":"Camping, Stugor & St\u00e4llplatser p\u00e5 \u00d6land - Sten\u00e5sa"},"image":{"@id":"https:\/\/stenasa.com\/#\/schema\/logo\/image\/"},"sameAs":["https:\/\/www.facebook.com\/stenasa.stugor.camping"]}]}},"_links":{"self":[{"href":"https:\/\/stenasa.com\/de\/wp-json\/wp\/v2\/pages\/2206","targetHints":{"allow":["GET"]}}],"collection":[{"href":"https:\/\/stenasa.com\/de\/wp-json\/wp\/v2\/pages"}],"about":[{"href":"https:\/\/stenasa.com\/de\/wp-json\/wp\/v2\/types\/page"}],"author":[{"embeddable":true,"href":"https:\/\/stenasa.com\/de\/wp-json\/wp\/v2\/users\/1"}],"replies":[{"embeddable":true,"href":"https:\/\/stenasa.com\/de\/wp-json\/wp\/v2\/comments?post=2206"}],"version-history":[{"count":49,"href":"https:\/\/stenasa.com\/de\/wp-json\/wp\/v2\/pages\/2206\/revisions"}],"predecessor-version":[{"id":3333,"href":"https:\/\/stenasa.com\/de\/wp-json\/wp\/v2\/pages\/2206\/revisions\/3333"}],"wp:attachment":[{"href":"https:\/\/stenasa.com\/de\/wp-json\/wp\/v2\/media?parent=2206"}],"curies":[{"name":"wp","href":"https:\/\/api.w.org\/{rel}","templated":true}]}}