{"id":2121,"date":"2026-04-02T01:34:40","date_gmt":"2026-04-02T01:34:40","guid":{"rendered":"https:\/\/techmedia4you.se\/tmp\/?page_id=2121"},"modified":"2026-04-29T12:36:45","modified_gmt":"2026-04-29T10:36:45","slug":"familienhutte-4-betten","status":"publish","type":"page","link":"https:\/\/stenasa.com\/de\/stugor-oland\/familjestuga-4-baddar\/","title":{"rendered":"Familienstuga \u2013 4 Betten"},"content":{"rendered":"<p>[et_pb_section fb_built=&#8221;1&#8243; admin_label=&#8221;hero&#8221; _builder_version=&#8221;4.27.6&#8243; _module_preset=&#8221;default&#8221; background_enable_color=&#8221;off&#8221; background_image=&#8221;https:\/\/stenasa.com\/wp-content\/uploads\/2026\/04\/camping-vid-havets-kant_bg_cta.jpg&#8221; background_enable_video_mp4=&#8221;off&#8221; background_enable_video_webm=&#8221;off&#8221; min_height_tablet=&#8221;100vh&#8221; min_height_phone=&#8221;90vh&#8221; min_height_last_edited=&#8221;off|desktop&#8221; height=&#8221;60vh&#8221; global_colors_info=&#8221;{}&#8221;][et_pb_row custom_padding_last_edited=&#8221;off|desktop&#8221; admin_label=&#8221;h1&#8243; _builder_version=&#8221;4.27.6&#8243; _module_preset=&#8221;default&#8221; width=&#8221;90%&#8221; width_tablet=&#8221;90%&#8221; width_phone=&#8221;96%&#8221; width_last_edited=&#8221;on|phone&#8221; max_width=&#8221;90%&#8221; max_width_tablet=&#8221;90%&#8221; max_width_phone=&#8221;96%&#8221; max_width_last_edited=&#8221;on|phone&#8221; custom_padding=&#8221;15vh||||false|false&#8221; custom_padding_tablet=&#8221;5vh||||false|false&#8221; custom_padding_phone=&#8221;5vh||0px||false|false&#8221; animation_style=&#8221;fade&#8221; animation_duration=&#8221;350ms&#8221; scroll_vertical_motion=&#8221;35|50|50|100|4|0|-4&#8243; hover_enabled=&#8221;0&#8243; animation_duration_phone=&#8221;0ms&#8221; animation_duration_last_edited=&#8221;off|desktop&#8221; border_radii=&#8221;on|0px|0px|0px|0px&#8221; global_colors_info=&#8221;{}&#8221; sticky_enabled=&#8221;0&#8243;][et_pb_column type=&#8221;4_4&#8243; _builder_version=&#8221;4.27.6&#8243; _module_preset=&#8221;default&#8221; global_colors_info=&#8221;{}&#8221;][et_pb_text _builder_version=&#8221;4.27.6&#8243; _module_preset=&#8221;default&#8221; header_font=&#8221;|600|||||||&#8221; header_text_color=&#8221;#FFFFFF&#8221; header_font_size=&#8221;2rem&#8221; header_line_height=&#8221;1.2em&#8221; custom_margin=&#8221;||0px||false|false&#8221; custom_padding=&#8221;||0px||false|false&#8221; scroll_vertical_motion=&#8221;0|50|50|100|1|0|-1&#8243; scroll_horizontal_motion=&#8221;0|50|50|100|1|0|-5&#8243; header_font_size_tablet=&#8221;2rem&#8221; header_font_size_phone=&#8221;1.5rem&#8221; header_font_size_last_edited=&#8221;on|desktop&#8221; border_color_all=&#8221;RGBA(255,255,255,0)&#8221; border_style_all=&#8221;none&#8221; global_colors_info=&#8221;{}&#8221;]<\/p>\n<h1>Familjestuga \u2013 4 b\u00e4ddar<\/h1>\n<p>[\/et_pb_text][et_pb_text _builder_version=&#8221;4.27.6&#8243; _module_preset=&#8221;default&#8221; text_text_color=&#8221;#FFFFFF&#8221; text_font_size=&#8221;1rem&#8221; global_colors_info=&#8221;{}&#8221;]Lugn &#038; ro. En klassisk stuga f\u00f6r enkla dagar.[\/et_pb_text][\/et_pb_column][\/et_pb_row][et_pb_row admin_label=&#8221;btns&#8221; _builder_version=&#8221;4.27.6&#8243; _module_preset=&#8221;default&#8221; width=&#8221;90%&#8221; width_tablet=&#8221;90%&#8221; width_phone=&#8221;96%&#8221; width_last_edited=&#8221;on|phone&#8221; max_width=&#8221;90%&#8221; max_width_tablet=&#8221;90%&#8221; max_width_phone=&#8221;96%&#8221; max_width_last_edited=&#8221;on|phone&#8221; custom_margin=&#8221;0px||0px||true|false&#8221; custom_padding=&#8221;0px||0px||true|false&#8221; border_radii=&#8221;on|0px|0px|0px|0px&#8221; global_colors_info=&#8221;{}&#8221;][et_pb_column type=&#8221;4_4&#8243; _builder_version=&#8221;4.27.6&#8243; _module_preset=&#8221;default&#8221; custom_css_main_element=&#8221;display: flex;||flex-wrap: wrap;||gap: 10px;&#8221; global_colors_info=&#8221;{}&#8221;][et_pb_button button_url=&#8221;@ET-DC@eyJkeW5hbWljIjp0cnVlLCJjb250ZW50IjoicG9zdF9saW5rX3VybF9wYWdlIiwic2V0dGluZ3MiOnsicG9zdF9pZCI6IjE5OTIifX0=@&#8221; button_text=&#8221;Hitta din perfekta stuga &#8221; admin_label=&#8221;btn&#8221; _builder_version=&#8221;4.27.6&#8243; _dynamic_attributes=&#8221;button_url&#8221; _module_preset=&#8221;default&#8221; custom_button=&#8221;on&#8221; button_text_size=&#8221;16px&#8221; button_bg_color=&#8221;#FFFFFF&#8221; button_border_width=&#8221;0px&#8221; button_border_color=&#8221;RGBA(255,255,255,0)&#8221; button_border_radius=&#8221;8px&#8221; button_font=&#8221;|300|||||||&#8221; button_use_icon=&#8221;off&#8221; custom_margin=&#8221;||||false|false&#8221; global_module=&#8221;1618&#8243; saved_tabs=&#8221;all&#8221; locked=&#8221;off&#8221; global_colors_info=&#8221;{}&#8221; button_text_color__hover_enabled=&#8221;on|hover&#8221; button_text_color__hover=&#8221;#FFFFFF&#8221; button_bg_color__hover_enabled=&#8221;on|hover&#8221; button_bg_color__hover=&#8221;#0A0A0A&#8221; button_bg_enable_color__hover=&#8221;on&#8221;][\/et_pb_button][et_pb_button button_url=&#8221;https:\/\/bokning4.paxess.se\/stenasa2&#8243; url_new_window=&#8221;on&#8221; button_text=&#8221;Boka nu&#8221; admin_label=&#8221;Boka nu&#8221; _builder_version=&#8221;4.27.6&#8243; _module_preset=&#8221;default&#8221; custom_button=&#8221;on&#8221; button_text_size=&#8221;16px&#8221; button_text_color=&#8221;#FFFFFF&#8221; button_bg_color=&#8221;#EF6426&#8243; button_border_width=&#8221;0px&#8221; button_border_color=&#8221;RGBA(255,255,255,0)&#8221; button_border_radius=&#8221;8px&#8221; button_font=&#8221;|300|||||||&#8221; button_use_icon=&#8221;off&#8221; position_origin_f=&#8221;center_center&#8221; custom_margin=&#8221;|||15px|false|false&#8221; custom_margin_tablet=&#8221;|||15px|false|false&#8221; custom_margin_phone=&#8221;|||0px|false|false&#8221; custom_margin_last_edited=&#8221;on|phone&#8221; custom_padding=&#8221;||||false|false&#8221; global_module=&#8221;1617&#8243; saved_tabs=&#8221;all&#8221; global_colors_info=&#8221;{}&#8221; button_text_color__hover_enabled=&#8221;off|desktop&#8221; button_text_color__hover=&#8221;#FFFFFF&#8221; button_bg_color__hover_enabled=&#8221;on|hover&#8221; button_bg_color__hover=&#8221;#0A0A0A&#8221; button_bg_enable_color__hover=&#8221;on&#8221;][\/et_pb_button][\/et_pb_column][\/et_pb_row][\/et_pb_section][et_pb_section fb_built=&#8221;1&#8243; _builder_version=&#8221;4.27.6&#8243; _module_preset=&#8221;default&#8221; custom_margin=&#8221;0px||0px||true|false&#8221; custom_padding=&#8221;0px||0px||true|false&#8221; global_colors_info=&#8221;{}&#8221;][et_pb_row _builder_version=&#8221;4.27.6&#8243; _module_preset=&#8221;default&#8221; width=&#8221;90%&#8221; width_tablet=&#8221;90%&#8221; width_phone=&#8221;96%&#8221; width_last_edited=&#8221;on|phone&#8221; max_width=&#8221;90%&#8221; max_width_tablet=&#8221;90%&#8221; max_width_phone=&#8221;96%&#8221; max_width_last_edited=&#8221;on|desktop&#8221; custom_margin=&#8221;||||false|false&#8221; custom_padding=&#8221;0px||0px||true|false&#8221; border_radii=&#8221;on|0px|0px|0px|0px&#8221; global_colors_info=&#8221;{}&#8221;][et_pb_column type=&#8221;4_4&#8243; _builder_version=&#8221;4.27.6&#8243; _module_preset=&#8221;default&#8221; global_colors_info=&#8221;{}&#8221;][et_pb_code _builder_version=&#8221;4.27.6&#8243; _module_preset=&#8221;default&#8221; global_colors_info=&#8221;{}&#8221;]<span><span><a href=\"https:\/\/stenasa.com\/\">Hem<\/a><\/span><\/span>[\/et_pb_code][\/et_pb_column][\/et_pb_row][\/et_pb_section][et_pb_section fb_built=&#8221;1&#8243; _builder_version=&#8221;4.27.6&#8243; _module_preset=&#8221;default&#8221; hover_enabled=&#8221;0&#8243; global_colors_info=&#8221;{}&#8221; custom_padding=&#8221;0px||||false|false&#8221; sticky_enabled=&#8221;0&#8243;][et_pb_row column_structure=&#8221;3_5,2_5&#8243; _builder_version=&#8221;4.27.6&#8243; _module_preset=&#8221;default&#8221; width=&#8221;90%&#8221; width_tablet=&#8221;90%&#8221; width_phone=&#8221;96%&#8221; width_last_edited=&#8221;on|phone&#8221; max_width=&#8221;90%&#8221; max_width_tablet=&#8221;90%&#8221; max_width_phone=&#8221;96%&#8221; max_width_last_edited=&#8221;on|desktop&#8221; global_colors_info=&#8221;{}&#8221;][et_pb_column type=&#8221;3_5&#8243; _builder_version=&#8221;4.27.6&#8243; _module_preset=&#8221;default&#8221; global_colors_info=&#8221;{}&#8221;][et_pb_text _builder_version=&#8221;4.27.6&#8243; _module_preset=&#8221;default&#8221; text_font=&#8221;|600|||||||&#8221; text_text_color=&#8221;#000000&#8243; text_font_size=&#8221;1.8rem&#8221; text_line_height=&#8221;1.4em&#8221; header_font=&#8221;|600|||||||&#8221; header_text_color=&#8221;#FFFFFF&#8221; header_font_size=&#8221;2rem&#8221; header_line_height=&#8221;1.2em&#8221; custom_margin=&#8221;||0px||false|false&#8221; custom_padding=&#8221;||0px||false|false&#8221; text_font_size_tablet=&#8221;2rem&#8221; text_font_size_phone=&#8221;1.4rem&#8221; text_font_size_last_edited=&#8221;on|phone&#8221; header_font_size_tablet=&#8221;2rem&#8221; header_font_size_phone=&#8221;1.3rem&#8221; header_font_size_last_edited=&#8221;on|desktop&#8221; border_color_all=&#8221;RGBA(255,255,255,0)&#8221; border_style_all=&#8221;none&#8221; global_colors_info=&#8221;{}&#8221;]<\/p>\n<p>Familjestuga \u2013 4 b\u00e4ddar <\/p>\n<p>[\/et_pb_text][et_pb_text _builder_version=&#8221;4.27.6&#8243; _module_preset=&#8221;default&#8221; text_text_color=&#8221;#000000&#8243; text_font_size=&#8221;1rem&#8221; text_line_height=&#8221;1.8em&#8221; custom_margin=&#8221;15px||23px||false|false&#8221; global_colors_info=&#8221;{}&#8221;]Rymliga familjestugor p\u00e5 24 m\u00b2 med plats f\u00f6r fyra personer. Stugan inkluderar ett kombinerat k\u00f6k och vardagsrum, WC, dusch och tv\u00e5 sovrum. K\u00f6ket \u00e4r utrustat med kyl, spisplattor, ugn, mikro, kaffebryggare och k\u00f6ksutrustning. I anslutning till k\u00f6ket finns ett vardagsrum med soffa, f\u00e5t\u00f6ljer, matbord och TV. I de tv\u00e5 separata sovrummen finns en dubbels\u00e4ng (140 cm) och en v\u00e5ningss\u00e4ng med t\u00e4cken och kuddar. Egna s\u00e4ngkl\u00e4der tas med av g\u00e4sten. Utanf\u00f6r stugan finns en m\u00f6blerad veranda under tak, en naturlig samlingsplats f\u00f6r frukost, kortspel eller kv\u00e4llens sista kopp kaffe. Avresest\u00e4dning ing\u00e5r inte, men st\u00e4dutrustning finns i stugan. Vi till\u00e5ter endast hundar som husdjur i v\u00e5ra stugor. Hundar (max 2) \u00e4r v\u00e4lkomna i stuga 5 (Tornfalken) och stuga 8 (R\u00f6dbenan). Stuga 6 (Hornugglan) \u00e4r hundfri. <\/p>\n<p>Incheckning: 15.00\u201317.30 (15\/6\u20139\/8: 15.00\u201320.00). Utcheckning: senast kl. 11.00[\/et_pb_text][dnxte_price_list_parent dnxte_pricelist_separator_style=&#8221;dotted&#8221; dnxte_pricelist_separator_width=&#8221;1px&#8221; dnxte_pricelist_separator_color=&#8221;#000000&#8243; dnxte_pricelist_divider_color=&#8221;RGBA(255,255,255,0)&#8221; dnxte_pricelist_item_padding=&#8221;||||false|false&#8221; _builder_version=&#8221;4.27.6&#8243; _module_preset=&#8221;default&#8221; header_font=&#8221;|600|||||||&#8221; content_font=&#8221;||||||||&#8221; price_font=&#8221;|700|||||||&#8221; price_text_color=&#8221;#000000&#8243; custom_margin=&#8221;||||false|false&#8221; custom_padding=&#8221;|20px|||false|false&#8221; border_style_all_image_price=&#8221;none&#8221; global_colors_info=&#8221;{}&#8221;][dnxte_price_list_child dnxte_pricelist_heading_text=&#8221;V\u00e5r 10\/4-4\/6&#8243; dnxte_pricelist_price=&#8221;1.370 kr&#8221; dnxte_pricelist_description=&#8221;<em>V\u00e5rerbjudande, Boka 3 n\u00e4tter, betala f\u00f6r 2!<br \/>\nG\u00e4ller vid bokning online och f\u00f6r boende under perioden 10 april t.o.m. 3 maj.<\/em>&#8221; _builder_version=&#8221;4.27.6&#8243; _module_preset=&#8221;default&#8221; module_alignment=&#8221;left&#8221; global_colors_info=&#8221;{}&#8221;][\/dnxte_price_list_child][dnxte_price_list_child dnxte_pricelist_heading_text=&#8221;Sommar 5\/6-16\/8&#8243; dnxte_pricelist_price=&#8221;1.640 kr&#8221; dnxte_pricelist_description=&#8221;<em>Sommarerbjudande, Boka 7 n\u00e4tter, betala f\u00f6r 6!<br \/>\nG\u00e4ller vid bokning online och f\u00f6r boende under 4 maj t.o.m. 16 augusti.<\/em>&#8221; _builder_version=&#8221;4.27.6&#8243; _module_preset=&#8221;default&#8221; module_alignment=&#8221;left&#8221; global_colors_info=&#8221;{}&#8221;][\/dnxte_price_list_child][dnxte_price_list_child dnxte_pricelist_heading_text=&#8221;H\u00f6st 17\/8-23\/9&#8243; dnxte_pricelist_price=&#8221;1.370 kr&#8221; dnxte_pricelist_description=&#8221;<em>H\u00f6sterbjudande 1, Boka 3 n\u00e4tter, betala f\u00f6r 2!<br \/>\nG\u00e4ller vid bokning online och f\u00f6r boende under perioden 17 augusti t.o.m. 22 september.<\/em>&#8221; _builder_version=&#8221;4.27.6&#8243; _module_preset=&#8221;default&#8221; module_alignment=&#8221;left&#8221; global_colors_info=&#8221;{}&#8221;][\/dnxte_price_list_child][dnxte_price_list_child dnxte_pricelist_heading_text=&#8221;Sk\u00f6rde 24\/9-27\/9&#8243; dnxte_pricelist_price=&#8221;1.640 Kr&#8221; _builder_version=&#8221;4.27.6&#8243; _module_preset=&#8221;default&#8221; module_alignment=&#8221;left&#8221; global_colors_info=&#8221;{}&#8221;][\/dnxte_price_list_child][dnxte_price_list_child dnxte_pricelist_heading_text=&#8221;H\u00f6st 28\/9-18\/10&#8243; dnxte_pricelist_price=&#8221;1.420 kr&#8221; dnxte_pricelist_description=&#8221;<em>H\u00f6sterbjudande 2, Boka 7 n\u00e4tter, betala f\u00f6r 6!<br \/>\nG\u00e4ller vid bokning online och f\u00f6r boende under f\u00e5gelveckorna 28 september t.o.m. 18 oktober.<\/em>&#8221; _builder_version=&#8221;4.27.6&#8243; _module_preset=&#8221;default&#8221; module_alignment=&#8221;left&#8221; global_colors_info=&#8221;{}&#8221;][\/dnxte_price_list_child][\/dnxte_price_list_parent][et_pb_text _builder_version=&#8221;4.27.6&#8243; _module_preset=&#8221;default&#8221; text_text_color=&#8221;#000000&#8243; text_font_size=&#8221;1rem&#8221; text_line_height=&#8221;1.8em&#8221; custom_margin=&#8221;15px||23px||false|false&#8221; global_colors_info=&#8221;{}&#8221;]<\/p>\n<p>Avresest\u00e4dning: 1.470 kr<\/p>\n<p>Linnepaket per set: 230 kr<\/p>\n<p>Vid bokningstillf\u00e4llet kan du k\u00f6pa ett avbest\u00e4llningsskydd i enlighet med villkor som framg\u00e5r i nedan angivna \u201dBokningsvillkor &amp; ordningsregler\u201d. Avbest\u00e4llningsskyddet inneb\u00e4r att du kan avboka fram till avtalad ankomstdag och f\u00e5 \u00e5terbetalning med ett avdrag p\u00e5 600 :- (avbest\u00e4llningsskydd + administrativ avgift).<\/p>\n<p>Avbest\u00e4llningsskydd: 250 kr<\/p>\n<hr \/>\n<ul>\n<li><a href=\"https:\/\/stenasa.com\/wp-content\/uploads\/2026\/04\/Bokningsvillkor-2026-05-01.pdf\" target=\"_blank\" rel=\"noopener\"><strong>Bokningsvillkor &amp; ordningsregler<\/strong><br \/>\n<\/a><\/li>\n<li><a href=\"https:\/\/stenasa.com\/wp-content\/uploads\/2026\/04\/Stenasa_Karta_2026.pdf\" target=\"_blank\" rel=\"noopener\"><strong>Campingkarta<\/strong><br \/>\n<\/a><\/li>\n<li><strong><em>Vi reserverar oss f\u00f6r eventuella pris\u00e4ndringar, tryckfel och \u00e4ndringar som till dagens datum \u00e4nnu inte \u00e4r k\u00e4nda.<\/em><\/strong><\/li>\n<\/ul>\n<p>[\/et_pb_text][\/et_pb_column][et_pb_column type=&#8221;2_5&#8243; _builder_version=&#8221;4.27.6&#8243; _module_preset=&#8221;default&#8221; global_colors_info=&#8221;{}&#8221;][dnxte_image_accordion dnxte_expand_last_item=&#8221;on&#8221; dnxte_accordion_height=&#8221;800px&#8221; dnxte_active_image_width=&#8221;8&#8243; dnxte_gutter_space=&#8221;9px&#8221; dnxte_accordion_direction_tablet=&#8221;column&#8221; dnxte_accordion_direction_phone=&#8221;column&#8221; dnxte_accordion_direction_last_edited=&#8221;off|desktop&#8221; dnxte_accordion_height_tablet=&#8221;800px&#8221; dnxte_accordion_height_phone=&#8221;300px&#8221; dnxte_accordion_height_last_edited=&#8221;on|desktop&#8221; dnxte_active_image_width_tablet=&#8221;8&#8243; dnxte_active_image_width_phone=&#8221;5&#8243; dnxte_active_image_width_last_edited=&#8221;off|desktop&#8221; dnxte_gutter_space_tablet=&#8221;9px&#8221; dnxte_gutter_space_phone=&#8221;9px&#8221; dnxte_gutter_space_last_edited=&#8221;off|desktop&#8221; _builder_version=&#8221;4.27.6&#8243; _module_preset=&#8221;default&#8221; animation_style=&#8221;slide&#8221; animation_direction=&#8221;right&#8221; global_colors_info=&#8221;{}&#8221;][dnxte_image_accordion_item dnxte_bg_img=&#8221;https:\/\/stenasa.com\/wp-content\/uploads\/2026\/04\/4-baddar_bild1.jpg&#8221; dnxte_accordion_expand=&#8221;onload&#8221; dnxte_use_icon=&#8221;off&#8221; dnxte_use_icon_img=&#8221;off&#8221; dnxte_btn_show_hide=&#8221;off&#8221; _builder_version=&#8221;4.27.6&#8243; _module_preset=&#8221;default&#8221; border_radii=&#8221;on|8px|8px|8px|8px&#8221; global_colors_info=&#8221;{}&#8221;][\/dnxte_image_accordion_item][dnxte_image_accordion_item dnxte_bg_img=&#8221;https:\/\/stenasa.com\/wp-content\/uploads\/2026\/04\/4-baddar_bild2.jpg&#8221; dnxte_use_icon=&#8221;off&#8221; dnxte_use_icon_img=&#8221;off&#8221; dnxte_btn_show_hide=&#8221;off&#8221; _builder_version=&#8221;4.27.6&#8243; _module_preset=&#8221;default&#8221; border_radii=&#8221;on|8px|8px|8px|8px&#8221; global_colors_info=&#8221;{}&#8221;][\/dnxte_image_accordion_item][dnxte_image_accordion_item dnxte_bg_img=&#8221;https:\/\/stenasa.com\/wp-content\/uploads\/2026\/04\/4-baddar_bild3.jpg&#8221; dnxte_use_icon=&#8221;off&#8221; dnxte_use_icon_img=&#8221;off&#8221; dnxte_btn_show_hide=&#8221;off&#8221; _builder_version=&#8221;4.27.6&#8243; _module_preset=&#8221;default&#8221; border_radii=&#8221;on|8px|8px|8px|8px&#8221; global_colors_info=&#8221;{}&#8221;][\/dnxte_image_accordion_item][\/dnxte_image_accordion][\/et_pb_column][\/et_pb_row][\/et_pb_section][et_pb_section fb_built=&#8221;1&#8243; custom_padding_last_edited=&#8221;on|desktop&#8221; admin_label=&#8221;Stugor \u00d6land&#8221; _builder_version=&#8221;4.27.6&#8243; _module_preset=&#8221;default&#8221; background_color=&#8221;#F2F2F2&#8243; custom_padding=&#8221;||43px||false|false&#8221; custom_padding_tablet=&#8221;||115px||false|false&#8221; custom_padding_phone=&#8221;||15px||false|false&#8221; global_module=&#8221;2266&#8243; global_colors_info=&#8221;{}&#8221;][et_pb_row use_custom_gutter=&#8221;on&#8221; gutter_width=&#8221;2&#8243; make_equal=&#8221;on&#8221; _builder_version=&#8221;4.27.6&#8243; _module_preset=&#8221;default&#8221; width=&#8221;90%&#8221; width_tablet=&#8221;90%&#8221; width_phone=&#8221;96%&#8221; width_last_edited=&#8221;on|phone&#8221; max_width=&#8221;90%&#8221; max_width_tablet=&#8221;90%&#8221; max_width_phone=&#8221;96%&#8221; max_width_last_edited=&#8221;on|phone&#8221; custom_margin=&#8221;0px||0px||true|false&#8221; custom_padding=&#8221;0px||0px||true|false&#8221; animation_style=&#8221;fade&#8221; global_colors_info=&#8221;{}&#8221;][et_pb_column type=&#8221;4_4&#8243; _builder_version=&#8221;4.27.6&#8243; _module_preset=&#8221;default&#8221; animation_style=&#8221;fade&#8221; animation_direction=&#8221;bottom&#8221; border_color_all=&#8221;RGBA(255,255,255,0)&#8221; border_style_all=&#8221;none&#8221; global_colors_info=&#8221;{}&#8221;][et_pb_text _builder_version=&#8221;4.27.6&#8243; _module_preset=&#8221;default&#8221; text_font=&#8221;|600|||||||&#8221; text_text_color=&#8221;#000000&#8243; text_font_size=&#8221;1.8rem&#8221; text_line_height=&#8221;1.4em&#8221; header_font=&#8221;|600|||||||&#8221; header_text_color=&#8221;#FFFFFF&#8221; header_font_size=&#8221;2rem&#8221; header_line_height=&#8221;1.2em&#8221; custom_margin=&#8221;||0px||false|false&#8221; custom_padding=&#8221;||0px||false|false&#8221; text_font_size_tablet=&#8221;2rem&#8221; text_font_size_phone=&#8221;1.4rem&#8221; text_font_size_last_edited=&#8221;on|phone&#8221; header_font_size_tablet=&#8221;2rem&#8221; header_font_size_phone=&#8221;1.3rem&#8221; header_font_size_last_edited=&#8221;on|desktop&#8221; border_color_all=&#8221;RGBA(255,255,255,0)&#8221; border_style_all=&#8221;none&#8221; locked=&#8221;off&#8221; global_colors_info=&#8221;{}&#8221;]Hitta din perfekta stuga [\/et_pb_text][\/et_pb_column][\/et_pb_row][et_pb_row column_structure=&#8221;1_5,1_5,1_5,1_5,1_5&#8243; use_custom_gutter=&#8221;on&#8221; gutter_width=&#8221;2&#8243; make_equal=&#8221;on&#8221; _builder_version=&#8221;4.27.6&#8243; _module_preset=&#8221;default&#8221; width=&#8221;90%&#8221; width_tablet=&#8221;90%&#8221; width_phone=&#8221;96%&#8221; width_last_edited=&#8221;on|phone&#8221; max_width=&#8221;90%&#8221; max_width_tablet=&#8221;90%&#8221; max_width_phone=&#8221;96%&#8221; max_width_last_edited=&#8221;on|phone&#8221; custom_padding=&#8221;0px||||false|false&#8221; animation_style=&#8221;fade&#8221; border_radii=&#8221;on|0px|0px|0px|0px&#8221; global_colors_info=&#8221;{}&#8221;][et_pb_column type=&#8221;1_5&#8243; _builder_version=&#8221;4.27.6&#8243; _module_preset=&#8221;default&#8221; animation_style=&#8221;fade&#8221; animation_direction=&#8221;bottom&#8221; border_color_all=&#8221;RGBA(255,255,255,0)&#8221; border_style_all=&#8221;none&#8221; global_colors_info=&#8221;{}&#8221;][et_pb_blurb title=&#8221;Strandstugan \u2013 5 b\u00e4ddar&#8221; url=&#8221;https:\/\/stenasa.com\/stugor-oland\/strandstugan-5-baddar\/&#8221; image=&#8221;https:\/\/stenasa.com\/wp-content\/uploads\/2026\/04\/5-baddar-cta.jpg&#8221; _builder_version=&#8221;4.27.6&#8243; _module_preset=&#8221;default&#8221; header_level=&#8221;h2&#8243; header_font=&#8221;|600|||||||&#8221; header_font_size=&#8221;1rem&#8221; body_font_size=&#8221;1rem&#8221; custom_margin=&#8221;||22px||false|false&#8221; border_radii_image=&#8221;on|8px|8px|8px|8px&#8221; global_colors_info=&#8221;{}&#8221;]Exklusivt l\u00e4ge vid stranden med havsutsikt. Stugan har sovrum, sovloft och allrum med b\u00e4ddsoffa. Fullutrustat k\u00f6k, TV, fiber, kaklat badrum och golvv\u00e4rme.[\/et_pb_blurb][et_pb_code _builder_version=&#8221;4.27.6&#8243; _module_preset=&#8221;default&#8221; global_colors_info=&#8221;{}&#8221;]<a href=\"https:\/\/stenasa.com\/stugor-oland\/strandstugan-5-baddar\/\" class=\"cta-link-dark\"><!-- [et_pb_line_break_holder] -->L\u00e4s mer &#038; boka<span>\u203a<\/span><!-- [et_pb_line_break_holder] --><\/a>[\/et_pb_code][\/et_pb_column][et_pb_column type=&#8221;1_5&#8243; _builder_version=&#8221;4.27.6&#8243; _module_preset=&#8221;default&#8221; animation_style=&#8221;fade&#8221; animation_direction=&#8221;bottom&#8221; border_color_all=&#8221;RGBA(255,255,255,0)&#8221; border_style_all=&#8221;none&#8221; global_colors_info=&#8221;{}&#8221;][et_pb_blurb title=&#8221;Modern stuga \u2013 2 b\u00e4ddar&#8221; url=&#8221;https:\/\/stenasa.com\/stugor-oland\/modern-stuga-2-baddar\/&#8221; image=&#8221;https:\/\/stenasa.com\/wp-content\/uploads\/2026\/04\/2-baddar-cta.jpg&#8221; _builder_version=&#8221;4.27.6&#8243; _module_preset=&#8221;default&#8221; header_level=&#8221;h2&#8243; header_font=&#8221;|600|||||||&#8221; header_font_size=&#8221;1rem&#8221; body_font_size=&#8221;1rem&#8221; custom_margin=&#8221;||22px||false|false&#8221; border_radii_image=&#8221;on|8px|8px|8px|8px&#8221; global_colors_info=&#8221;{}&#8221;]Moderna 2-b\u00e4ddstugor p\u00e5 25 m\u00b2 med fullt utrustat k\u00f6k, allrum, WC, dusch, fiber, m\u00f6blerad veranda. T\u00e4cken finns, egna lakan tas med. Hund till\u00e5ten i vissa stugor. [\/et_pb_blurb][et_pb_code _builder_version=&#8221;4.27.6&#8243; _module_preset=&#8221;default&#8221; global_colors_info=&#8221;{}&#8221;]<a href=\"https:\/\/stenasa.com\/stugor-oland\/modern-stuga-2-baddar\/\" class=\"cta-link-dark\"><!-- [et_pb_line_break_holder] -->L\u00e4s mer &#038; boka<span>\u203a<\/span><!-- [et_pb_line_break_holder] --><\/a>[\/et_pb_code][\/et_pb_column][et_pb_column type=&#8221;1_5&#8243; _builder_version=&#8221;4.27.6&#8243; _module_preset=&#8221;default&#8221; animation_style=&#8221;fade&#8221; border_color_all=&#8221;RGBA(255,255,255,0)&#8221; border_style_all=&#8221;none&#8221; global_colors_info=&#8221;{}&#8221;][et_pb_blurb title=&#8221;Familjestuga \u2013 4 b\u00e4ddar&#8221; url=&#8221;https:\/\/stenasa.com\/stugor-oland\/familjestuga-4-baddar\/&#8221; image=&#8221;https:\/\/stenasa.com\/wp-content\/uploads\/2026\/04\/4-baddar-cta.jpg&#8221; _builder_version=&#8221;4.27.6&#8243; _module_preset=&#8221;default&#8221; header_level=&#8221;h2&#8243; header_font=&#8221;|600|||||||&#8221; header_font_size=&#8221;1rem&#8221; body_font_size=&#8221;1rem&#8221; custom_margin=&#8221;||22px||false|false&#8221; border_radii_image=&#8221;on|8px|8px|8px|8px&#8221; global_colors_info=&#8221;{}&#8221;]Rymlig familjestuga 24 m\u00b2 f\u00f6r fyra med k\u00f6k\/vardagsrum, WC, dusch, tv\u00e5 sovrum, m\u00f6blerad veranda. T\u00e4cken ing\u00e5r, egna lakan tas med. Hund till\u00e5ten i vissa stugor.[\/et_pb_blurb][et_pb_code _builder_version=&#8221;4.27.6&#8243; _module_preset=&#8221;default&#8221; global_colors_info=&#8221;{}&#8221;]<a href=\"https:\/\/stenasa.com\/stugor-oland\/familjestuga-4-baddar\/\" class=\"cta-link-dark\"><!-- [et_pb_line_break_holder] -->L\u00e4s mer &#038; boka<span>\u203a<\/span><!-- [et_pb_line_break_holder] --><\/a>[\/et_pb_code][\/et_pb_column][et_pb_column type=&#8221;1_5&#8243; _builder_version=&#8221;4.27.6&#8243; _module_preset=&#8221;default&#8221; animation_style=&#8221;fade&#8221; border_color_all=&#8221;RGBA(255,255,255,0)&#8221; border_style_all=&#8221;none&#8221; global_colors_info=&#8221;{}&#8221;][et_pb_blurb title=&#8221;Parstuga \u2013 4 b\u00e4ddar&#8221; url=&#8221;https:\/\/stenasa.com\/stugor-oland\/parstuga-4-baddar\/&#8221; image=&#8221;https:\/\/stenasa.com\/wp-content\/uploads\/2026\/04\/4-baddar-Parstugor-cta.jpg&#8221; _builder_version=&#8221;4.27.6&#8243; _module_preset=&#8221;default&#8221; header_level=&#8221;h2&#8243; header_font=&#8221;|600|||||||&#8221; header_font_size=&#8221;1rem&#8221; body_font_size=&#8221;1rem&#8221; custom_margin=&#8221;||22px||false|false&#8221; border_radii_image=&#8221;on|8px|8px|8px|8px&#8221; global_colors_info=&#8221;{}&#8221;]Trivsam parstuga p\u00e5 21 m\u00b2 i delad byggnad, helt avskild enhet med k\u00f6k\/allrum, WC, dusch, sovrum, golvv\u00e4rme och m\u00f6blerad veranda. T\u00e4cken ing\u00e5r, lakan tas med, hund till\u00e5ten i vissa stugor.[\/et_pb_blurb][et_pb_code _builder_version=&#8221;4.27.6&#8243; _module_preset=&#8221;default&#8221; global_colors_info=&#8221;{}&#8221;]<a href=\"https:\/\/stenasa.com\/stugor-oland\/parstuga-4-baddar\/\" class=\"cta-link-dark\"><!-- [et_pb_line_break_holder] -->L\u00e4s mer &#038; boka<span>\u203a<\/span><!-- [et_pb_line_break_holder] --><\/a>[\/et_pb_code][\/et_pb_column][et_pb_column type=&#8221;1_5&#8243; _builder_version=&#8221;4.27.6&#8243; _module_preset=&#8221;default&#8221; animation_style=&#8221;fade&#8221; border_color_all=&#8221;RGBA(255,255,255,0)&#8221; border_style_all=&#8221;none&#8221; global_colors_info=&#8221;{}&#8221;][et_pb_blurb title=&#8221;Campingstuga \u2013 4 b\u00e4ddar&#8221; url=&#8221;https:\/\/stenasa.com\/stugor-oland\/campingstuga-4-baddar\/&#8221; image=&#8221;https:\/\/stenasa.com\/wp-content\/uploads\/2026\/04\/Campingstuga-4-baddar-cta.jpg&#8221; _builder_version=&#8221;4.27.6&#8243; _module_preset=&#8221;default&#8221; header_level=&#8221;h2&#8243; header_font=&#8221;|600|||||||&#8221; header_font_size=&#8221;1rem&#8221; body_font_size=&#8221;1rem&#8221; custom_margin=&#8221;||22px||false|false&#8221; border_radii_image=&#8221;on|8px|8px|8px|8px&#8221; global_colors_info=&#8221;{}&#8221;]Enkel campingstuga 18 m\u00b2 med fyra b\u00e4ddar, k\u00f6ksutrustning, TV och matbord. WC och dusch i servicehus. T\u00e4cken ing\u00e5r, egna lakan. Hund v\u00e4lkommen, max tv\u00e5.[\/et_pb_blurb][et_pb_code _builder_version=&#8221;4.27.6&#8243; _module_preset=&#8221;default&#8221; global_colors_info=&#8221;{}&#8221;]<a href=\"https:\/\/stenasa.com\/stugor-oland\/campingstuga-4-baddar\/\" class=\"cta-link-dark\"><!-- [et_pb_line_break_holder] -->L\u00e4s mer &#038; boka<span>\u203a<\/span><!-- [et_pb_line_break_holder] --><\/a>[\/et_pb_code][\/et_pb_column][\/et_pb_row][\/et_pb_section][et_pb_section fb_built=&#8221;1&#8243; custom_padding_last_edited=&#8221;on|phone&#8221; _builder_version=&#8221;4.27.6&#8243; _module_preset=&#8221;default&#8221; background_color=&#8221;#FFFFFF&#8221; custom_margin_phone=&#8221;||||false|false&#8221; custom_margin_last_edited=&#8221;off|phone&#8221; custom_padding=&#8221;34px|||||&#8221; custom_padding_tablet=&#8221;&#8221; custom_padding_phone=&#8221;0px||||false|false&#8221; top_divider_height=&#8221;0px&#8221; top_divider_flip=&#8221;vertical&#8221; global_colors_info=&#8221;{}&#8221;][et_pb_row column_structure=&#8221;2_5,3_5&#8243; use_custom_gutter=&#8221;on&#8221; gutter_width=&#8221;2&#8243; _builder_version=&#8221;4.27.6&#8243; _module_preset=&#8221;default&#8221; width=&#8221;90%&#8221; width_tablet=&#8221;90%&#8221; width_phone=&#8221;96%&#8221; width_last_edited=&#8221;on|phone&#8221; max_width=&#8221;90%&#8221; max_width_tablet=&#8221;90%&#8221; max_width_phone=&#8221;96%&#8221; max_width_last_edited=&#8221;on|phone&#8221; animation_style=&#8221;fade&#8221; global_module=&#8221;2943&#8243; saved_tabs=&#8221;all&#8221; global_colors_info=&#8221;{}&#8221;][et_pb_column type=&#8221;2_5&#8243; _builder_version=&#8221;4.27.6&#8243; _module_preset=&#8221;default&#8221; background_color=&#8221;#0A0A0A&#8221; custom_padding=&#8221;7vh||7vh|5vh|true|false&#8221; custom_padding_tablet=&#8221;7vh||7vh|5vh|true|false&#8221; custom_padding_phone=&#8221;7vh|3vh|7vh|3vh|true|true&#8221; custom_padding_last_edited=&#8221;on|phone&#8221; border_radii=&#8221;on|10px|10px|10px|10px&#8221; global_colors_info=&#8221;{}&#8221;][et_pb_text _builder_version=&#8221;4.27.6&#8243; _module_preset=&#8221;default&#8221; text_font=&#8221;|600|||||||&#8221; text_text_color=&#8221;#FFFFFF&#8221; text_font_size=&#8221;2rem&#8221; header_font=&#8221;|600|||||||&#8221; header_text_color=&#8221;#FFFFFF&#8221; header_font_size=&#8221;2rem&#8221; header_line_height=&#8221;1.2em&#8221; custom_margin=&#8221;||0px||false|false&#8221; custom_padding=&#8221;||55px||false|false&#8221; header_font_size_tablet=&#8221;2rem&#8221; header_font_size_phone=&#8221;1.3rem&#8221; header_font_size_last_edited=&#8221;on|desktop&#8221; border_color_all=&#8221;RGBA(255,255,255,0)&#8221; border_style_all=&#8221;none&#8221; locked=&#8221;off&#8221; global_colors_info=&#8221;{}&#8221;]Vanliga fr\u00e5gor[\/et_pb_text][et_pb_text _builder_version=&#8221;4.27.6&#8243; _module_preset=&#8221;default&#8221; text_text_color=&#8221;#FFFFFF&#8221; global_colors_info=&#8221;{}&#8221;]<\/p>\n<p><strong>Hittar du inte svaret du s\u00f6ker?<\/strong><\/p>\n<p>H\u00f6r g\u00e4rna av dig till oss, vi hj\u00e4lper dig g\u00e4rna.<\/p>\n<p><span style=\"color: #ffffff;\"><a href=\"mailto:info@stenasa.com\" style=\"color: #ffffff;\">info@stenasa.com<\/a><\/span><br \/><span style=\"color: #ffffff;\"><a href=\"tel:+4648544078\" style=\"color: #ffffff;\">+46 485 440 78<\/a><\/span><\/p>\n<p>[\/et_pb_text][et_pb_code _builder_version=&#8221;4.27.6&#8243; _module_preset=&#8221;default&#8221; custom_padding=&#8221;28px|||||&#8221; global_colors_info=&#8221;{}&#8221;]<a href=\"..\/kontakt\" class=\"cta-link-light\"><!-- [et_pb_line_break_holder] -->  Kontakt <span>\u203a<\/span><!-- [et_pb_line_break_holder] --><\/a>[\/et_pb_code][\/et_pb_column][et_pb_column type=&#8221;3_5&#8243; _builder_version=&#8221;4.27.6&#8243; _module_preset=&#8221;default&#8221; global_colors_info=&#8221;{}&#8221;][et_pb_code _builder_version=&#8221;4.27.6&#8243; _module_preset=&#8221;default&#8221; global_colors_info=&#8221;{}&#8221;]<\/p>\n<div class=\"custom-faq-container\"><!-- [et_pb_line_break_holder] --><!-- [et_pb_line_break_holder] -->  <\/p>\n<details class=\"faq-item\" open><!-- [et_pb_line_break_holder] -->    <\/p>\n<summary class=\"faq-question\">Vilka tider g\u00e4ller f\u00f6r in- &#038; utcheckning i stugorna?<\/summary>\n<p><!-- [et_pb_line_break_holder] -->    <\/p>\n<div class=\"faq-answer\"><!-- [et_pb_line_break_holder] -->      <pee>Incheckning sker i receptionen mellan kl.15.00 \u2013 17.30. Under sommars\u00e4songen 15\/6 \u2013 9\/8 kan du checka in mellan kl. 15.00 \u2013 20.00. \u00d6vrig tid efter \u00f6verenskommelse!<\/pee><!-- [et_pb_line_break_holder] -->      <pee>Utcheckning sker p\u00e5 avresedagen senast kl. 11.00.<\/pee><!-- [et_pb_line_break_holder] -->    <\/div>\n<p><!-- [et_pb_line_break_holder] -->  <\/details>\n<p><!-- [et_pb_line_break_holder] --><!-- [et_pb_line_break_holder] -->  <\/p>\n<details class=\"faq-item\"><!-- [et_pb_line_break_holder] -->    <\/p>\n<summary class=\"faq-question\">Till\u00e5ter ni hundar och andra husdjur i era stugor?<\/summary>\n<p><!-- [et_pb_line_break_holder] -->    <\/p>\n<div class=\"faq-answer\"><!-- [et_pb_line_break_holder] -->      <pee>Vi till\u00e5ter endast hundar i v\u00e5ra stugor max tv\u00e5 (2) hundar per stuga! Vissa av v\u00e5ra stugor \u00e4r hundfria.<\/pee><!-- [et_pb_line_break_holder] -->    <\/div>\n<p><!-- [et_pb_line_break_holder] -->  <\/details>\n<p><!-- [et_pb_line_break_holder] --><!-- [et_pb_line_break_holder] -->  <\/p>\n<details class=\"faq-item\"><!-- [et_pb_line_break_holder] -->    <\/p>\n<summary class=\"faq-question\">Vilken utrustning finns i stugorna?<\/summary>\n<p><!-- [et_pb_line_break_holder] -->    <\/p>\n<div class=\"faq-answer\"><!-- [et_pb_line_break_holder] -->      <pee>I stugorna finns k\u00f6k med spis, ugn, kyl, mikro, kaffebryggare, TV samt all n\u00f6dv\u00e4ndig k\u00f6ksutrustning till det antal personer som omfattas av stugan. Vissa stugor har frysm\u00f6jlighet. Campingstugan saknar ugn.<\/pee><!-- [et_pb_line_break_holder] -->    <\/div>\n<p><!-- [et_pb_line_break_holder] -->  <\/details>\n<p><!-- [et_pb_line_break_holder] --><!-- [et_pb_line_break_holder] -->  <\/p>\n<details class=\"faq-item\"><!-- [et_pb_line_break_holder] -->    <\/p>\n<summary class=\"faq-question\">Finns det frys i stugan?<\/summary>\n<p><!-- [et_pb_line_break_holder] -->    <\/p>\n<div class=\"faq-answer\"><!-- [et_pb_line_break_holder] -->      <pee>I v\u00e5ra nya 2-b\u00e4ddstugor och Strandstugan finns det frysm\u00f6jlighet. Bor man i de \u00f6vriga stugorna och beh\u00f6ver tillg\u00e5ng till frys, s\u00e5 finns det att tillg\u00e5 i det gemensamma servicehuset f\u00f6r campingen. S\u00e4g till i samband med din incheckning s\u00e5 erh\u00e5ller ni inpasseringskort till servicehusets k\u00f6k.<\/pee><!-- [et_pb_line_break_holder] -->    <\/div>\n<p><!-- [et_pb_line_break_holder] -->  <\/details>\n<p><!-- [et_pb_line_break_holder] --><!-- [et_pb_line_break_holder] -->  <\/p>\n<details class=\"faq-item\"><!-- [et_pb_line_break_holder] -->    <\/p>\n<summary class=\"faq-question\">Beh\u00f6ver jag ta med s\u00e4ngkl\u00e4der?<\/summary>\n<p><!-- [et_pb_line_break_holder] -->    <\/p>\n<div class=\"faq-answer\"><!-- [et_pb_line_break_holder] -->      <pee>Alla v\u00e5ra stugor inneh\u00e5ller t\u00e4cken och kuddar. Du beh\u00f6ver ta med dig ditt eget s\u00e4nglinne och handdukar. Det \u00e4r inte till\u00e5tet att anv\u00e4nda v\u00e5ra s\u00e4ngar, t\u00e4cken och kuddar utan lakan. Detta inneb\u00e4r att om du har sovs\u00e4ck eller sovt\u00e4cke, s\u00e5 m\u00e5ste du \u00e4ven ha ett underlakan till s\u00e4ngen och ett \u00f6rngott f\u00f6r kudden. Du kan hyra lakan, \u00f6rngott, handduk och duschhandduk. Kontakta receptionen.<\/pee><!-- [et_pb_line_break_holder] -->    <\/div>\n<p><!-- [et_pb_line_break_holder] -->  <\/details>\n<p><!-- [et_pb_line_break_holder] --><!-- [et_pb_line_break_holder] -->  <\/p>\n<details class=\"faq-item\"><!-- [et_pb_line_break_holder] -->    <\/p>\n<summary class=\"faq-question\">Kan jag hyra b\u00e4ddlinne och handdukar?<\/summary>\n<p><!-- [et_pb_line_break_holder] -->    <\/p>\n<div class=\"faq-answer\"><!-- [et_pb_line_break_holder] -->      <pee>Ja, du kan hyra ett linnepaket som inneh\u00e5ller lakan, p\u00e5slakan, \u00f6rngott, handduk och duschhandduk. Kontakta receptionen.<\/pee><!-- [et_pb_line_break_holder] -->    <\/div>\n<p><!-- [et_pb_line_break_holder] -->  <\/details>\n<p><!-- [et_pb_line_break_holder] --><!-- [et_pb_line_break_holder] -->  <\/p>\n<details class=\"faq-item\"><!-- [et_pb_line_break_holder] -->    <\/p>\n<summary class=\"faq-question\">Ska vi st\u00e4da stugan sj\u00e4lva?<\/summary>\n<p><!-- [et_pb_line_break_holder] -->    <\/p>\n<div class=\"faq-answer\"><!-- [et_pb_line_break_holder] -->      <pee>Ja, stugan ska l\u00e4mnas st\u00e4dad vid avresan. St\u00e4dmedel samt st\u00e4dutrustning och dammsugare finns. I samband med bokningen finns det m\u00f6jlighet att \u00e4ven boka avresest\u00e4dning. Inspektion och avsyning av stugan kan komma att ske i samband med din avresa.<\/pee><!-- [et_pb_line_break_holder] -->    <\/div>\n<p><!-- [et_pb_line_break_holder] -->  <\/details>\n<p><!-- [et_pb_line_break_holder] --><!-- [et_pb_line_break_holder] -->  <\/p>\n<details class=\"faq-item\"><!-- [et_pb_line_break_holder] -->    <\/p>\n<summary class=\"faq-question\">Hur m\u00e5nga n\u00e4tter m\u00e5ste jag boka?<\/summary>\n<p><!-- [et_pb_line_break_holder] -->    <\/p>\n<div class=\"faq-answer\"><!-- [et_pb_line_break_holder] -->      <pee>Vid f\u00f6ljande tillf\u00e4llen m\u00e5ste du boka minst tv\u00e5 (2) n\u00e4tter:<\/pee><!-- [et_pb_line_break_holder] -->      <pee>Valborg \u2013 1:a Maj: 30\/4 \u2013 2\/5<\/pee><!-- [et_pb_line_break_holder] -->      <pee>Sommarens h\u00f6gs\u00e4songsperiod: 4\/6 \u2013 16\/8<\/pee><!-- [et_pb_line_break_holder] -->      <pee>Sk\u00f6rdefesten: 23\/9 \u2013 25\/9<\/pee><!-- [et_pb_line_break_holder] -->      <pee>Om du v\u00e4ljer att boka i v\u00e5r on-linebokning s\u00e5 finns det under s\u00e4songen vissa bokningserbjudande f\u00f6r din stugvistelse.<\/pee><!-- [et_pb_line_break_holder] -->    <\/div>\n<p><!-- [et_pb_line_break_holder] -->  <\/details>\n<p><!-- [et_pb_line_break_holder] --><!-- [et_pb_line_break_holder] --><\/div>\n<p>[\/et_pb_code][\/et_pb_column][\/et_pb_row][\/et_pb_section]<\/p>\n","protected":false},"excerpt":{"rendered":"<p>Familjestuga \u2013 4 b\u00e4ddarLugn &#038; ro. En klassisk stuga f\u00f6r enkla dagar.<span><span><a href=\"https:\/\/stenasa.com\/\">Hem<\/a><\/span><\/span>Familjestuga \u2013 4 b\u00e4ddar Rymliga familjestugor p\u00e5 24 m\u00b2 med plats f\u00f6r fyra personer. Stugan inkluderar ett kombinerat k\u00f6k [&hellip;]<\/p>\n","protected":false},"author":1,"featured_media":0,"parent":1992,"menu_order":0,"comment_status":"closed","ping_status":"closed","template":"","meta":{"_et_pb_use_builder":"on","_et_pb_old_content":"","_et_gb_content_width":"","footnotes":""},"class_list":["post-2121","page","type-page","status-publish","hentry"],"yoast_head":"<!-- This site is optimized with the Yoast SEO plugin v27.5 - https:\/\/yoast.com\/product\/yoast-seo-wordpress\/ -->\n<title>Familjestuga \u2013 4 b\u00e4ddar - Camping, Stugor &amp; St\u00e4llplatser p\u00e5 \u00d6land - Sten\u00e5sa<\/title>\n<meta name=\"robots\" content=\"index, follow, max-snippet:-1, max-image-preview:large, max-video-preview:-1\" \/>\n<link rel=\"canonical\" href=\"https:\/\/stenasa.com\/de\/hutten-auf-oland\/familienhutte-4-betten\/\" \/>\n<meta property=\"og:locale\" content=\"de_DE\" \/>\n<meta property=\"og:type\" content=\"article\" \/>\n<meta property=\"og:title\" content=\"Familjestuga \u2013 4 b\u00e4ddar - Camping, Stugor &amp; St\u00e4llplatser p\u00e5 \u00d6land - Sten\u00e5sa\" \/>\n<meta property=\"og:description\" content=\"Familjestuga \u2013 4 b\u00e4ddarLugn &amp; ro. En klassisk stuga f\u00f6r enkla dagar.Familjestuga \u2013 4 b\u00e4ddar Rymliga familjestugor p\u00e5 24 m\u00b2 med plats f\u00f6r fyra personer. Stugan inkluderar ett kombinerat k\u00f6k [&hellip;]\" \/>\n<meta property=\"og:url\" content=\"https:\/\/stenasa.com\/de\/hutten-auf-oland\/familienhutte-4-betten\/\" \/>\n<meta property=\"og:site_name\" content=\"Camping, Stugor &amp; St\u00e4llplatser p\u00e5 \u00d6land - Sten\u00e5sa\" \/>\n<meta property=\"article:publisher\" content=\"https:\/\/www.facebook.com\/stenasa.stugor.camping\" \/>\n<meta property=\"article:modified_time\" content=\"2026-04-29T10:36:45+00:00\" \/>\n<meta name=\"twitter:card\" content=\"summary_large_image\" \/>\n<meta name=\"twitter:label1\" content=\"Gesch\u00e4tzte Lesezeit\" \/>\n\t<meta name=\"twitter:data1\" content=\"5\u00a0Minuten\" \/>\n<script type=\"application\/ld+json\" class=\"yoast-schema-graph\">{\"@context\":\"https:\\\/\\\/schema.org\",\"@graph\":[{\"@type\":\"WebPage\",\"@id\":\"https:\\\/\\\/stenasa.com\\\/stugor-oland\\\/familjestuga-4-baddar\\\/\",\"url\":\"https:\\\/\\\/stenasa.com\\\/stugor-oland\\\/familjestuga-4-baddar\\\/\",\"name\":\"Familjestuga \u2013 4 b\u00e4ddar - Camping, Stugor &amp; St\u00e4llplatser p\u00e5 \u00d6land - Sten\u00e5sa\",\"isPartOf\":{\"@id\":\"https:\\\/\\\/stenasa.com\\\/#website\"},\"datePublished\":\"2026-04-02T01:34:40+00:00\",\"dateModified\":\"2026-04-29T10:36:45+00:00\",\"breadcrumb\":{\"@id\":\"https:\\\/\\\/stenasa.com\\\/stugor-oland\\\/familjestuga-4-baddar\\\/#breadcrumb\"},\"inLanguage\":\"de\",\"potentialAction\":[{\"@type\":\"ReadAction\",\"target\":[\"https:\\\/\\\/stenasa.com\\\/stugor-oland\\\/familjestuga-4-baddar\\\/\"]}]},{\"@type\":\"BreadcrumbList\",\"@id\":\"https:\\\/\\\/stenasa.com\\\/stugor-oland\\\/familjestuga-4-baddar\\\/#breadcrumb\",\"itemListElement\":[{\"@type\":\"ListItem\",\"position\":1,\"name\":\"Hem\",\"item\":\"https:\\\/\\\/stenasa.com\\\/\"},{\"@type\":\"ListItem\",\"position\":2,\"name\":\"Stugor \u00d6land\",\"item\":\"https:\\\/\\\/stenasa.com\\\/stugor-oland\\\/\"},{\"@type\":\"ListItem\",\"position\":3,\"name\":\"Familjestuga \u2013 4 b\u00e4ddar\"}]},{\"@type\":\"WebSite\",\"@id\":\"https:\\\/\\\/stenasa.com\\\/#website\",\"url\":\"https:\\\/\\\/stenasa.com\\\/\",\"name\":\"Camping, Stugor & St\u00e4llplatser p\u00e5 \u00d6land - Sten\u00e5sa\",\"description\":\"\",\"publisher\":{\"@id\":\"https:\\\/\\\/stenasa.com\\\/#organization\"},\"potentialAction\":[{\"@type\":\"SearchAction\",\"target\":{\"@type\":\"EntryPoint\",\"urlTemplate\":\"https:\\\/\\\/stenasa.com\\\/?s={search_term_string}\"},\"query-input\":{\"@type\":\"PropertyValueSpecification\",\"valueRequired\":true,\"valueName\":\"search_term_string\"}}],\"inLanguage\":\"de\"},{\"@type\":\"Organization\",\"@id\":\"https:\\\/\\\/stenasa.com\\\/#organization\",\"name\":\"Camping, Stugor & St\u00e4llplatser p\u00e5 \u00d6land - Sten\u00e5sa\",\"url\":\"https:\\\/\\\/stenasa.com\\\/\",\"logo\":{\"@type\":\"ImageObject\",\"inLanguage\":\"de\",\"@id\":\"https:\\\/\\\/stenasa.com\\\/#\\\/schema\\\/logo\\\/image\\\/\",\"url\":\"https:\\\/\\\/stenasa.com\\\/wp-content\\\/uploads\\\/2026\\\/03\\\/logo_svart.svg\",\"contentUrl\":\"https:\\\/\\\/stenasa.com\\\/wp-content\\\/uploads\\\/2026\\\/03\\\/logo_svart.svg\",\"width\":1,\"height\":1,\"caption\":\"Camping, Stugor & St\u00e4llplatser p\u00e5 \u00d6land - Sten\u00e5sa\"},\"image\":{\"@id\":\"https:\\\/\\\/stenasa.com\\\/#\\\/schema\\\/logo\\\/image\\\/\"},\"sameAs\":[\"https:\\\/\\\/www.facebook.com\\\/stenasa.stugor.camping\"]}]}<\/script>\n<!-- \/ Yoast SEO plugin. -->","yoast_head_json":{"title":"Familienh\u00fctte \u2013 4 Betten \u2013 Camping, H\u00fctten &amp; Stellpl\u00e4tze auf \u00d6land \u2013 Sten\u00e5sa","robots":{"index":"index","follow":"follow","max-snippet":"max-snippet:-1","max-image-preview":"max-image-preview:large","max-video-preview":"max-video-preview:-1"},"canonical":"https:\/\/stenasa.com\/de\/hutten-auf-oland\/familienhutte-4-betten\/","og_locale":"de_DE","og_type":"article","og_title":"Familjestuga \u2013 4 b\u00e4ddar - Camping, Stugor &amp; St\u00e4llplatser p\u00e5 \u00d6land - Sten\u00e5sa","og_description":"Familjestuga \u2013 4 b\u00e4ddarLugn & ro. En klassisk stuga f\u00f6r enkla dagar.Familjestuga \u2013 4 b\u00e4ddar Rymliga familjestugor p\u00e5 24 m\u00b2 med plats f\u00f6r fyra personer. Stugan inkluderar ett kombinerat k\u00f6k [&hellip;]","og_url":"https:\/\/stenasa.com\/de\/hutten-auf-oland\/familienhutte-4-betten\/","og_site_name":"Camping, Stugor &amp; St\u00e4llplatser p\u00e5 \u00d6land - Sten\u00e5sa","article_publisher":"https:\/\/www.facebook.com\/stenasa.stugor.camping","article_modified_time":"2026-04-29T10:36:45+00:00","twitter_card":"summary_large_image","twitter_misc":{"Gesch\u00e4tzte Lesezeit":"5\u00a0Minuten"},"schema":{"@context":"https:\/\/schema.org","@graph":[{"@type":"WebPage","@id":"https:\/\/stenasa.com\/stugor-oland\/familjestuga-4-baddar\/","url":"https:\/\/stenasa.com\/stugor-oland\/familjestuga-4-baddar\/","name":"Familienh\u00fctte \u2013 4 Betten \u2013 Camping, H\u00fctten &amp; Stellpl\u00e4tze auf \u00d6land \u2013 Sten\u00e5sa","isPartOf":{"@id":"https:\/\/stenasa.com\/#website"},"datePublished":"2026-04-02T01:34:40+00:00","dateModified":"2026-04-29T10:36:45+00:00","breadcrumb":{"@id":"https:\/\/stenasa.com\/stugor-oland\/familjestuga-4-baddar\/#breadcrumb"},"inLanguage":"de","potentialAction":[{"@type":"ReadAction","target":["https:\/\/stenasa.com\/stugor-oland\/familjestuga-4-baddar\/"]}]},{"@type":"BreadcrumbList","@id":"https:\/\/stenasa.com\/stugor-oland\/familjestuga-4-baddar\/#breadcrumb","itemListElement":[{"@type":"ListItem","position":1,"name":"Hem","item":"https:\/\/stenasa.com\/"},{"@type":"ListItem","position":2,"name":"Stugor \u00d6land","item":"https:\/\/stenasa.com\/stugor-oland\/"},{"@type":"ListItem","position":3,"name":"Familjestuga \u2013 4 b\u00e4ddar"}]},{"@type":"WebSite","@id":"https:\/\/stenasa.com\/#website","url":"https:\/\/stenasa.com\/","name":"Camping, Ferienh\u00e4user &amp; Stellpl\u00e4tze auf \u00d6land - Sten\u00e5sa","description":"","publisher":{"@id":"https:\/\/stenasa.com\/#organization"},"potentialAction":[{"@type":"SearchAction","target":{"@type":"EntryPoint","urlTemplate":"https:\/\/stenasa.com\/?s={search_term_string}"},"query-input":{"@type":"PropertyValueSpecification","valueRequired":true,"valueName":"search_term_string"}}],"inLanguage":"de"},{"@type":"Organization","@id":"https:\/\/stenasa.com\/#organization","name":"Camping, Ferienh\u00e4user &amp; Stellpl\u00e4tze auf \u00d6land - Sten\u00e5sa","url":"https:\/\/stenasa.com\/","logo":{"@type":"ImageObject","inLanguage":"de","@id":"https:\/\/stenasa.com\/#\/schema\/logo\/image\/","url":"https:\/\/stenasa.com\/wp-content\/uploads\/2026\/03\/logo_svart.svg","contentUrl":"https:\/\/stenasa.com\/wp-content\/uploads\/2026\/03\/logo_svart.svg","width":1,"height":1,"caption":"Camping, Stugor & St\u00e4llplatser p\u00e5 \u00d6land - Sten\u00e5sa"},"image":{"@id":"https:\/\/stenasa.com\/#\/schema\/logo\/image\/"},"sameAs":["https:\/\/www.facebook.com\/stenasa.stugor.camping"]}]}},"_links":{"self":[{"href":"https:\/\/stenasa.com\/de\/wp-json\/wp\/v2\/pages\/2121","targetHints":{"allow":["GET"]}}],"collection":[{"href":"https:\/\/stenasa.com\/de\/wp-json\/wp\/v2\/pages"}],"about":[{"href":"https:\/\/stenasa.com\/de\/wp-json\/wp\/v2\/types\/page"}],"author":[{"embeddable":true,"href":"https:\/\/stenasa.com\/de\/wp-json\/wp\/v2\/users\/1"}],"replies":[{"embeddable":true,"href":"https:\/\/stenasa.com\/de\/wp-json\/wp\/v2\/comments?post=2121"}],"version-history":[{"count":20,"href":"https:\/\/stenasa.com\/de\/wp-json\/wp\/v2\/pages\/2121\/revisions"}],"predecessor-version":[{"id":3352,"href":"https:\/\/stenasa.com\/de\/wp-json\/wp\/v2\/pages\/2121\/revisions\/3352"}],"up":[{"embeddable":true,"href":"https:\/\/stenasa.com\/de\/wp-json\/wp\/v2\/pages\/1992"}],"wp:attachment":[{"href":"https:\/\/stenasa.com\/de\/wp-json\/wp\/v2\/media?parent=2121"}],"curies":[{"name":"wp","href":"https:\/\/api.w.org\/{rel}","templated":true}]}}